{"id":3155,"date":"2024-07-10T17:01:27","date_gmt":"2024-07-10T17:01:27","guid":{"rendered":"https:\/\/weiss.bazaks.digital\/quienes-somos\/"},"modified":"2024-11-04T13:54:12","modified_gmt":"2024-11-04T13:54:12","slug":"quienes-somos","status":"publish","type":"page","link":"https:\/\/weiss.bazaks.digital\/es\/quienes-somos\/","title":{"rendered":"Qui\u00e9nes somos"},"content":{"rendered":"\t\t<div data-elementor-type=\"wp-page\" data-elementor-id=\"3155\" class=\"elementor elementor-3155 elementor-331\" data-elementor-post-type=\"page\">\n\t\t\t\t<div class=\"elementor-element elementor-element-aa529f2 e-con-full e-flex e-con e-parent\" data-id=\"aa529f2\" data-element_type=\"container\" data-settings=\"{&quot;background_background&quot;:&quot;classic&quot;}\">\n\t\t\t\t<div class=\"elementor-element elementor-element-f1ea4ff animated-slow elementor-invisible elementor-widget elementor-widget-heading\" data-id=\"f1ea4ff\" data-element_type=\"widget\" data-settings=\"{&quot;_animation&quot;:&quot;fadeIn&quot;}\" data-widget_type=\"heading.default\">\n\t\t\t\t<div class=\"elementor-widget-container\">\n\t\t\t\t\t<h1 class=\"elementor-heading-title elementor-size-default\">Qui\u00e9nes somos<\/h1>\t\t\t\t<\/div>\n\t\t\t\t<\/div>\n\t\t\t\t<\/div>\n\t\t<div class=\"elementor-element elementor-element-3617582 e-flex e-con-boxed e-con e-parent\" data-id=\"3617582\" data-element_type=\"container\" data-settings=\"{&quot;background_background&quot;:&quot;classic&quot;}\">\n\t\t\t\t\t<div class=\"e-con-inner\">\n\t\t<div class=\"elementor-element elementor-element-40e1cd0 e-con-full animated-slow e-flex elementor-invisible e-con e-child\" data-id=\"40e1cd0\" data-element_type=\"container\" data-settings=\"{&quot;animation&quot;:&quot;customFadeInUp&quot;}\">\n\t\t\t\t<div class=\"elementor-element elementor-element-175871d elementor-widget elementor-widget-heading\" data-id=\"175871d\" data-element_type=\"widget\" data-widget_type=\"heading.default\">\n\t\t\t\t<div class=\"elementor-widget-container\">\n\t\t\t\t\t<h2 class=\"elementor-heading-title elementor-size-default\">Historia de<\/h2>\t\t\t\t<\/div>\n\t\t\t\t<\/div>\n\t\t\t\t<div class=\"elementor-element elementor-element-c072243 elementor-widget elementor-widget-heading\" data-id=\"c072243\" data-element_type=\"widget\" data-widget_type=\"heading.default\">\n\t\t\t\t<div class=\"elementor-widget-container\">\n\t\t\t\t\t<h3 class=\"elementor-heading-title elementor-size-default\">Weisshorn Asset Management\u00a0<\/h3>\t\t\t\t<\/div>\n\t\t\t\t<\/div>\n\t\t\t\t<div class=\"elementor-element elementor-element-3cd6fae blkWysiwyg elementor-widget elementor-widget-text-editor\" data-id=\"3cd6fae\" data-element_type=\"widget\" data-widget_type=\"text-editor.default\">\n\t\t\t\t<div class=\"elementor-widget-container\">\n\t\t\t\t\t\t\t\t\t<p>Weisshorn Asset Management fue fundada en 2015 por un equipo de gestores de activos experimentados, cada uno con m\u00e1s de una d\u00e9cada de experiencia independiente. Desde su fundaci\u00f3n, la empresa ha prestado servicios de gesti\u00f3n de carteras a medida a clientes privados de alto patrimonio neto, centr\u00e1ndose en la conservaci\u00f3n y el crecimiento del patrimonio a lo largo de generaciones.<\/p>\n<p>Desde que obtuvo la licencia CISA de la FINMA, Weisshorn lanz\u00f3 una divisi\u00f3n de gesti\u00f3n de activos que ahora gestiona fondos de inversi\u00f3n regulados. Esta expansi\u00f3n permite a la empresa ofrecer una amplia gama de oportunidades de inversi\u00f3n dentro de un s\u00f3lido marco normativo.<\/p>\n<p>Dedicada a alinear las asignaciones de activos con las necesidades privadas y financieras de los clientes, Weisshorn da prioridad a ofrecer la mayor rentabilidad posible ajustada al riesgo.<\/p>\n\t\t\t\t\t\t\t\t<\/div>\n\t\t\t\t<\/div>\n\t\t\t\t<\/div>\n\t\t<div class=\"elementor-element elementor-element-cd8e843 e-con-full animated-slow e-flex elementor-invisible e-con e-child\" data-id=\"cd8e843\" data-element_type=\"container\" data-settings=\"{&quot;animation&quot;:&quot;customFadeInUp&quot;}\">\n\t\t\t\t<div class=\"elementor-element elementor-element-0d5b140 elementor-widget elementor-widget-image\" data-id=\"0d5b140\" data-element_type=\"widget\" data-widget_type=\"image.default\">\n\t\t\t\t<div class=\"elementor-widget-container\">\n\t\t\t\t\t\t\t\t\t\t\t\t\t\t\t<img fetchpriority=\"high\" decoding=\"async\" width=\"4000\" height=\"2250\" src=\"https:\/\/weiss.bazaks.digital\/wp-content\/uploads\/2024\/08\/Rade-GNV-1.jpg\" class=\"attachment-full size-full wp-image-1965\" alt=\"\" srcset=\"https:\/\/weiss.bazaks.digital\/wp-content\/uploads\/2024\/08\/Rade-GNV-1.jpg 4000w, https:\/\/weiss.bazaks.digital\/wp-content\/uploads\/2024\/08\/Rade-GNV-1-300x169.jpg 300w, https:\/\/weiss.bazaks.digital\/wp-content\/uploads\/2024\/08\/Rade-GNV-1-1024x576.jpg 1024w, https:\/\/weiss.bazaks.digital\/wp-content\/uploads\/2024\/08\/Rade-GNV-1-768x432.jpg 768w, https:\/\/weiss.bazaks.digital\/wp-content\/uploads\/2024\/08\/Rade-GNV-1-1536x864.jpg 1536w, https:\/\/weiss.bazaks.digital\/wp-content\/uploads\/2024\/08\/Rade-GNV-1-2048x1152.jpg 2048w\" sizes=\"(max-width: 4000px) 100vw, 4000px\" \/>\t\t\t\t\t\t\t\t\t\t\t\t\t\t\t<\/div>\n\t\t\t\t<\/div>\n\t\t\t\t<\/div>\n\t\t\t\t\t<\/div>\n\t\t\t\t<\/div>\n\t\t<div class=\"elementor-element elementor-element-9e13d3a e-flex e-con-boxed e-con e-parent\" data-id=\"9e13d3a\" data-element_type=\"container\" data-settings=\"{&quot;background_background&quot;:&quot;classic&quot;}\">\n\t\t\t\t\t<div class=\"e-con-inner\">\n\t\t\t\t<div class=\"elementor-element elementor-element-d956196 animated-slow elementor-invisible elementor-widget elementor-widget-heading\" data-id=\"d956196\" data-element_type=\"widget\" data-settings=\"{&quot;_animation&quot;:&quot;fadeIn&quot;}\" data-widget_type=\"heading.default\">\n\t\t\t\t<div class=\"elementor-widget-container\">\n\t\t\t\t\t<h2 class=\"elementor-heading-title elementor-size-default\">Fundadores<\/h2>\t\t\t\t<\/div>\n\t\t\t\t<\/div>\n\t\t<div class=\"elementor-element elementor-element-f1e74cb e-con-full animated-slow e-flex elementor-invisible e-con e-child\" data-id=\"f1e74cb\" data-element_type=\"container\" data-settings=\"{&quot;animation&quot;:&quot;fadeIn&quot;}\">\n\t\t<div class=\"elementor-element elementor-element-7b362ca e-con-full e-flex e-con e-child\" data-id=\"7b362ca\" data-element_type=\"container\">\n\t\t\t\t<div class=\"elementor-element elementor-element-51bb99b animated-slow elementor-widget elementor-widget-image\" data-id=\"51bb99b\" data-element_type=\"widget\" data-settings=\"{&quot;_animation&quot;:&quot;none&quot;}\" data-widget_type=\"image.default\">\n\t\t\t\t<div class=\"elementor-widget-container\">\n\t\t\t\t\t\t\t\t\t\t\t\t\t\t\t<img decoding=\"async\" width=\"535\" height=\"602\" src=\"https:\/\/weiss.bazaks.digital\/wp-content\/uploads\/2024\/10\/Photo-Thierry_def.jpg\" class=\"attachment-large size-large wp-image-3570\" alt=\"\" srcset=\"https:\/\/weiss.bazaks.digital\/wp-content\/uploads\/2024\/10\/Photo-Thierry_def.jpg 535w, https:\/\/weiss.bazaks.digital\/wp-content\/uploads\/2024\/10\/Photo-Thierry_def-267x300.jpg 267w\" sizes=\"(max-width: 535px) 100vw, 535px\" \/>\t\t\t\t\t\t\t\t\t\t\t\t\t\t\t<\/div>\n\t\t\t\t<\/div>\n\t\t\t\t<\/div>\n\t\t<div class=\"elementor-element elementor-element-aefa070 e-con-full e-flex e-con e-child\" data-id=\"aefa070\" data-element_type=\"container\">\n\t\t\t\t<div class=\"elementor-element elementor-element-7342b71 elementor-widget elementor-widget-heading\" data-id=\"7342b71\" data-element_type=\"widget\" data-widget_type=\"heading.default\">\n\t\t\t\t<div class=\"elementor-widget-container\">\n\t\t\t\t\t<span class=\"elementor-heading-title elementor-size-default\">CEO, Fundador<\/span>\t\t\t\t<\/div>\n\t\t\t\t<\/div>\n\t\t\t\t<div class=\"elementor-element elementor-element-7e604d4 elementor-widget elementor-widget-heading\" data-id=\"7e604d4\" data-element_type=\"widget\" data-widget_type=\"heading.default\">\n\t\t\t\t<div class=\"elementor-widget-container\">\n\t\t\t\t\t<h2 class=\"elementor-heading-title elementor-size-default\">Thierry Michel<\/h2>\t\t\t\t<\/div>\n\t\t\t\t<\/div>\n\t\t\t\t<div class=\"elementor-element elementor-element-4685c49 elementor-widget elementor-widget-text-editor\" data-id=\"4685c49\" data-element_type=\"widget\" data-widget_type=\"text-editor.default\">\n\t\t\t\t<div class=\"elementor-widget-container\">\n\t\t\t\t\t\t\t\t\t<p>Tras cursar estudios universitarios en Ginebra, Thierry se incorpor\u00f3 a un importante banco suizo internacional como gestor de patrimonios. En 2004, Thierry se convirti\u00f3 en director del banco. M\u00e1s tarde, decidi\u00f3 lanzar su propia empresa de gesti\u00f3n de patrimonios para estar m\u00e1s cerca de sus clientes, que es lo que m\u00e1s valora.<\/p>\n\t\t\t\t\t\t\t\t<\/div>\n\t\t\t\t<\/div>\n\t\t\t\t<\/div>\n\t\t\t\t<\/div>\n\t\t<div class=\"elementor-element elementor-element-a5f6666 e-con-full animated-slow e-flex elementor-invisible e-con e-child\" data-id=\"a5f6666\" data-element_type=\"container\" data-settings=\"{&quot;animation&quot;:&quot;fadeIn&quot;}\">\n\t\t<div class=\"elementor-element elementor-element-8daa86c e-con-full e-flex e-con e-child\" data-id=\"8daa86c\" data-element_type=\"container\">\n\t\t\t\t<div class=\"elementor-element elementor-element-ccd427c animated-slow elementor-widget elementor-widget-image\" data-id=\"ccd427c\" data-element_type=\"widget\" data-settings=\"{&quot;_animation&quot;:&quot;none&quot;}\" data-widget_type=\"image.default\">\n\t\t\t\t<div class=\"elementor-widget-container\">\n\t\t\t\t\t\t\t\t\t\t\t\t\t\t\t<img decoding=\"async\" width=\"400\" height=\"475\" src=\"https:\/\/weiss.bazaks.digital\/wp-content\/uploads\/2024\/07\/illus-alex.jpg\" class=\"attachment-large size-large wp-image-1477\" alt=\"\" srcset=\"https:\/\/weiss.bazaks.digital\/wp-content\/uploads\/2024\/07\/illus-alex.jpg 400w, https:\/\/weiss.bazaks.digital\/wp-content\/uploads\/2024\/07\/illus-alex-253x300.jpg 253w\" sizes=\"(max-width: 400px) 100vw, 400px\" \/>\t\t\t\t\t\t\t\t\t\t\t\t\t\t\t<\/div>\n\t\t\t\t<\/div>\n\t\t\t\t<\/div>\n\t\t<div class=\"elementor-element elementor-element-1507f6a e-con-full e-flex e-con e-child\" data-id=\"1507f6a\" data-element_type=\"container\">\n\t\t\t\t<div class=\"elementor-element elementor-element-f937844 elementor-widget elementor-widget-heading\" data-id=\"f937844\" data-element_type=\"widget\" data-widget_type=\"heading.default\">\n\t\t\t\t<div class=\"elementor-widget-container\">\n\t\t\t\t\t<span class=\"elementor-heading-title elementor-size-default\">CIO, Fundador<\/span>\t\t\t\t<\/div>\n\t\t\t\t<\/div>\n\t\t\t\t<div class=\"elementor-element elementor-element-575fc97 elementor-widget elementor-widget-heading\" data-id=\"575fc97\" data-element_type=\"widget\" data-widget_type=\"heading.default\">\n\t\t\t\t<div class=\"elementor-widget-container\">\n\t\t\t\t\t<h2 class=\"elementor-heading-title elementor-size-default\">Alexandre Gulino<\/h2>\t\t\t\t<\/div>\n\t\t\t\t<\/div>\n\t\t\t\t<div class=\"elementor-element elementor-element-d14e12f elementor-widget elementor-widget-text-editor\" data-id=\"d14e12f\" data-element_type=\"widget\" data-widget_type=\"text-editor.default\">\n\t\t\t\t<div class=\"elementor-widget-container\">\n\t\t\t\t\t\t\t\t\t<p>Tras finalizar sus estudios en Ginebra, Alexandre se incorpora a un gran banco suizo internacional como asesor en mercados de renta variable y derivados. Durante este periodo, Alexandre obtiene sus diplomas de analista financiero CFPI (AZEK) y CIIA.<\/p>\n<p>Tras un breve periodo trabajando en un banco privado ginebrino como analista t\u00e9cnico, Alexandre se embarca como gestor de activos en 2006 cofundando OAM Finance SA, donde desarrolla e implementa la estrategia de inversi\u00f3n seg\u00fan los distintos mandatos otorgados por los clientes.<\/p>\n\t\t\t\t\t\t\t\t<\/div>\n\t\t\t\t<\/div>\n\t\t\t\t<\/div>\n\t\t\t\t<\/div>\n\t\t<div class=\"elementor-element elementor-element-1ba8123 e-con-full animated-slow e-flex elementor-invisible e-con e-child\" data-id=\"1ba8123\" data-element_type=\"container\" data-settings=\"{&quot;animation&quot;:&quot;fadeIn&quot;}\">\n\t\t<div class=\"elementor-element elementor-element-3a0387a e-con-full e-flex e-con e-child\" data-id=\"3a0387a\" data-element_type=\"container\">\n\t\t\t\t<div class=\"elementor-element elementor-element-9094c56 animated-slow elementor-widget elementor-widget-image\" data-id=\"9094c56\" data-element_type=\"widget\" data-settings=\"{&quot;_animation&quot;:&quot;none&quot;}\" data-widget_type=\"image.default\">\n\t\t\t\t<div class=\"elementor-widget-container\">\n\t\t\t\t\t\t\t\t\t\t\t\t\t\t\t<img loading=\"lazy\" decoding=\"async\" width=\"509\" height=\"602\" src=\"https:\/\/weiss.bazaks.digital\/wp-content\/uploads\/2024\/10\/Photo-Yan_def.jpg\" class=\"attachment-large size-large wp-image-3573\" alt=\"\" srcset=\"https:\/\/weiss.bazaks.digital\/wp-content\/uploads\/2024\/10\/Photo-Yan_def.jpg 509w, https:\/\/weiss.bazaks.digital\/wp-content\/uploads\/2024\/10\/Photo-Yan_def-254x300.jpg 254w\" sizes=\"(max-width: 509px) 100vw, 509px\" \/>\t\t\t\t\t\t\t\t\t\t\t\t\t\t\t<\/div>\n\t\t\t\t<\/div>\n\t\t\t\t<\/div>\n\t\t<div class=\"elementor-element elementor-element-7f5e5ba e-con-full e-flex e-con e-child\" data-id=\"7f5e5ba\" data-element_type=\"container\">\n\t\t\t\t<div class=\"elementor-element elementor-element-b1d122b elementor-widget elementor-widget-heading\" data-id=\"b1d122b\" data-element_type=\"widget\" data-widget_type=\"heading.default\">\n\t\t\t\t<div class=\"elementor-widget-container\">\n\t\t\t\t\t<span class=\"elementor-heading-title elementor-size-default\">Senior Business Developper, Fundador<\/span>\t\t\t\t<\/div>\n\t\t\t\t<\/div>\n\t\t\t\t<div class=\"elementor-element elementor-element-9369e2b elementor-widget elementor-widget-heading\" data-id=\"9369e2b\" data-element_type=\"widget\" data-widget_type=\"heading.default\">\n\t\t\t\t<div class=\"elementor-widget-container\">\n\t\t\t\t\t<h2 class=\"elementor-heading-title elementor-size-default\">Yan Zanus-Fort\u00e8s<\/h2>\t\t\t\t<\/div>\n\t\t\t\t<\/div>\n\t\t\t\t<div class=\"elementor-element elementor-element-fbc0c5b elementor-widget elementor-widget-text-editor\" data-id=\"fbc0c5b\" data-element_type=\"widget\" data-widget_type=\"text-editor.default\">\n\t\t\t\t<div class=\"elementor-widget-container\">\n\t\t\t\t\t\t\t\t\t<p>Yan comenz\u00f3 su carrera como contable y controlador en el Grupo Bacardi (1996-2001), en el Departamento Financiero. Tras varios a\u00f1os, decidi\u00f3 buscar un nuevo reto profesional y se incorpor\u00f3 a External Asset Manager en Ginebra. Durante estos \u00faltimos a\u00f1os, se convirti\u00f3 en asociado y se centr\u00f3 en el mercado de Private Equity, Equity y Bonds. Yan cuenta con m\u00e1s de 20 a\u00f1os de experiencia como gestor de activos.<\/p>\n<p>Para aumentar su crecimiento, re\u00fane a unos cuantos profesionales para crear una nueva sociedad de gesti\u00f3n de activos, debidamente regulada por la FINMA, en la que act\u00faa como accionista pasivo. Al mismo tiempo, decide ampliar su red de negocios con un nuevo family office y gestor de activos en Dubai y Mauricio.<\/p>\n\t\t\t\t\t\t\t\t<\/div>\n\t\t\t\t<\/div>\n\t\t\t\t<\/div>\n\t\t\t\t<\/div>\n\t\t\t\t\t<\/div>\n\t\t\t\t<\/div>\n\t\t<div class=\"elementor-element elementor-element-a5f134b secTeamInfo animated-slow e-flex e-con-boxed elementor-invisible e-con e-parent\" data-id=\"a5f134b\" data-element_type=\"container\" data-settings=\"{&quot;background_background&quot;:&quot;classic&quot;,&quot;animation&quot;:&quot;fadeIn&quot;}\">\n\t\t\t\t\t<div class=\"e-con-inner\">\n\t\t<div class=\"elementor-element elementor-element-afd8114 e-con-full blkTextInfo e-flex e-con e-child\" data-id=\"afd8114\" data-element_type=\"container\" data-settings=\"{&quot;background_background&quot;:&quot;classic&quot;}\">\n\t\t\t\t<div class=\"elementor-element elementor-element-d64eed7 elementor-widget elementor-widget-heading\" data-id=\"d64eed7\" data-element_type=\"widget\" data-widget_type=\"heading.default\">\n\t\t\t\t<div class=\"elementor-widget-container\">\n\t\t\t\t\t<h2 class=\"elementor-heading-title elementor-size-default\">Nuestro Equipo<\/h2>\t\t\t\t<\/div>\n\t\t\t\t<\/div>\n\t\t<div class=\"elementor-element elementor-element-ab2d354 e-con-full e-flex e-con e-child\" data-id=\"ab2d354\" data-element_type=\"container\">\n\t\t<div class=\"elementor-element elementor-element-c9bf740 e-con-full e-flex e-con e-child\" data-id=\"c9bf740\" data-element_type=\"container\">\n\t\t\t\t<div class=\"elementor-element elementor-element-dac0da8 elementor-widget elementor-widget-text-editor\" data-id=\"dac0da8\" data-element_type=\"widget\" data-widget_type=\"text-editor.default\">\n\t\t\t\t<div class=\"elementor-widget-container\">\n\t\t\t\t\t\t\t\t\t<h3>Consejo de Administraci\u00f3n<\/h3>\n<p><span style=\"text-decoration: underline;\"><a href=\"#\" data-id=\"#popup_5\">Alexandre de Boccard, Presidente<\/a><\/span><\/p>\n<p><span style=\"text-decoration: underline;\"><a href=\"#\" data-id=\"#popup_6\">Xavier Pellaud, Vicepresidente<\/a><\/span><\/p>\n<p><span style=\"text-decoration: underline;\"><a href=\"#\" data-id=\"#popup_7\">Thierry Michel, Secretario<\/a><\/span><\/p>\n\t\t\t\t\t\t\t\t<\/div>\n\t\t\t\t<\/div>\n\t\t\t\t<div class=\"elementor-element elementor-element-3a13020 elementor-widget elementor-widget-text-editor\" data-id=\"3a13020\" data-element_type=\"widget\" data-widget_type=\"text-editor.default\">\n\t\t\t\t<div class=\"elementor-widget-container\">\n\t\t\t\t\t\t\t\t\t<h3>Equipo de Gesti\u00f3n<\/h3>\n<p>Alexandre Gulino, CIIA, CIO<\/p>\n<p>Thierry Michel, CEO<\/p>\n\t\t\t\t\t\t\t\t<\/div>\n\t\t\t\t<\/div>\n\t\t\t\t<div class=\"elementor-element elementor-element-c081842 elementor-widget elementor-widget-text-editor\" data-id=\"c081842\" data-element_type=\"widget\" data-widget_type=\"text-editor.default\">\n\t\t\t\t<div class=\"elementor-widget-container\">\n\t\t\t\t\t\t\t\t\t<h3>Gesti\u00f3n de Riesgos &amp; Compliance<\/h3>\n<p>Jeanne Jost, Gestor de Riesgo<\/p>\n<p>St\u00e9phane Hofer, Compliance<\/p>\n\t\t\t\t\t\t\t\t<\/div>\n\t\t\t\t<\/div>\n\t\t\t\t<div class=\"elementor-element elementor-element-a099595 elementor-widget elementor-widget-text-editor\" data-id=\"a099595\" data-element_type=\"widget\" data-widget_type=\"text-editor.default\">\n\t\t\t\t<div class=\"elementor-widget-container\">\n\t\t\t\t\t\t\t\t\t<h3>Asset Management<\/h3>\n<p>Alexandre Gulino, CIIA, CIO<\/p>\n<p><a href=\"#\" data-id=\"#popup_1\">Alexandre Bouchardy, CFA , Responsable de Renta fija<\/a><\/p>\n<p><a href=\"#\" data-id=\"#popup_2\">Lucas Matti, CFA, Gestor de cartera<\/a><\/p>\n<p><a href=\"#\" data-id=\"#popup_3\">Tarik Garidi, PhD, Gestor de cartera<\/a><\/p>\n<p>Alexandre Monney, Gestor de cartera junior<\/p>\n\t\t\t\t\t\t\t\t<\/div>\n\t\t\t\t<\/div>\n\t\t\t\t<\/div>\n\t\t<div class=\"elementor-element elementor-element-275ec0d e-con-full e-flex e-con e-child\" data-id=\"275ec0d\" data-element_type=\"container\">\n\t\t\t\t<div class=\"elementor-element elementor-element-2e9e355 elementor-widget elementor-widget-text-editor\" data-id=\"2e9e355\" data-element_type=\"widget\" data-widget_type=\"text-editor.default\">\n\t\t\t\t<div class=\"elementor-widget-container\">\n\t\t\t\t\t\t\t\t\t<h3>Equipo<\/h3>\n<p style=\"text-align: left;\"><a href=\"#\" data-id=\"#popup_4\">Denis Lattion, Senior Manager<\/a><\/p>\n<p style=\"text-align: left;\">Sonia Scaraggi, Responsable de relaci\u00f3n cliente<\/p>\n<p style=\"text-align: left;\">Christina Gaud, Encargada de relaci\u00f3n cliente<\/p>\n<p style=\"text-align: left;\">Monica Domenech, Encargada de relaci\u00f3n cliente<\/p>\n<p style=\"text-align: left;\">Nathalia Vaca Lopez, Asistente administrativa<\/p>\n<p style=\"text-align: left;\">Yan Zanus-Fort\u00e8s, Senior business developper<\/p>\n\t\t\t\t\t\t\t\t<\/div>\n\t\t\t\t<\/div>\n\t\t\t\t<div class=\"elementor-element elementor-element-0748599 elementor-widget elementor-widget-text-editor\" data-id=\"0748599\" data-element_type=\"widget\" data-widget_type=\"text-editor.default\">\n\t\t\t\t<div class=\"elementor-widget-container\">\n\t\t\t\t\t\t\t\t\t<h3>Colaboradores<\/h3><p><a href=\"https:\/\/www.bdo.ch\/en-gb\/home-en\" target=\"_blank\" rel=\"noopener\">BDO, Auditor<\/a><\/p><p><a href=\"https:\/\/finsom.ch\/en\/\" target=\"_blank\" rel=\"noopener\">Finsom, Organismo de Mediaci\u00f3n<\/a><\/p>\t\t\t\t\t\t\t\t<\/div>\n\t\t\t\t<\/div>\n\t\t\t\t<\/div>\n\t\t\t\t<\/div>\n\t\t\t\t<\/div>\n\t\t\t\t<div class=\"elementor-element elementor-element-33747c7 elementor-widget__width-initial elementor-widget elementor-widget-image\" data-id=\"33747c7\" data-element_type=\"widget\" data-widget_type=\"image.default\">\n\t\t\t\t<div class=\"elementor-widget-container\">\n\t\t\t\t\t\t\t\t\t\t\t\t\t\t\t<img loading=\"lazy\" decoding=\"async\" width=\"4000\" height=\"6000\" src=\"https:\/\/weiss.bazaks.digital\/wp-content\/uploads\/2024\/08\/thomas-peham-EBTOmBs61fc-unsplash.jpg\" class=\"attachment-full size-full wp-image-2227\" alt=\"\" srcset=\"https:\/\/weiss.bazaks.digital\/wp-content\/uploads\/2024\/08\/thomas-peham-EBTOmBs61fc-unsplash.jpg 4000w, https:\/\/weiss.bazaks.digital\/wp-content\/uploads\/2024\/08\/thomas-peham-EBTOmBs61fc-unsplash-200x300.jpg 200w, https:\/\/weiss.bazaks.digital\/wp-content\/uploads\/2024\/08\/thomas-peham-EBTOmBs61fc-unsplash-683x1024.jpg 683w, https:\/\/weiss.bazaks.digital\/wp-content\/uploads\/2024\/08\/thomas-peham-EBTOmBs61fc-unsplash-768x1152.jpg 768w, https:\/\/weiss.bazaks.digital\/wp-content\/uploads\/2024\/08\/thomas-peham-EBTOmBs61fc-unsplash-1024x1536.jpg 1024w, https:\/\/weiss.bazaks.digital\/wp-content\/uploads\/2024\/08\/thomas-peham-EBTOmBs61fc-unsplash-1365x2048.jpg 1365w\" sizes=\"(max-width: 4000px) 100vw, 4000px\" \/>\t\t\t\t\t\t\t\t\t\t\t\t\t\t\t<\/div>\n\t\t\t\t<\/div>\n\t\t<div class=\"elementor-element elementor-element-dc41990 e-con-full blkPopup e-flex e-con e-child\" data-id=\"dc41990\" data-element_type=\"container\" id=\"popup_5\">\n\t\t\t\t<div class=\"elementor-element elementor-element-731de4e elementor-align-right elementor-widget elementor-widget-button\" data-id=\"731de4e\" data-element_type=\"widget\" data-widget_type=\"button.default\">\n\t\t\t\t<div class=\"elementor-widget-container\">\n\t\t\t\t\t\t\t\t\t<div class=\"elementor-button-wrapper\">\n\t\t\t\t\t<a class=\"elementor-button elementor-button-link elementor-size-sm\" href=\"\">\n\t\t\t\t\t\t<span class=\"elementor-button-content-wrapper\">\n\t\t\t\t\t\t\t\t\t<span class=\"elementor-button-text\">Cerrar<\/span>\n\t\t\t\t\t<\/span>\n\t\t\t\t\t<\/a>\n\t\t\t\t<\/div>\n\t\t\t\t\t\t\t\t<\/div>\n\t\t\t\t<\/div>\n\t\t\t\t<div class=\"elementor-element elementor-element-08b2154 elementor-position-left elementor-vertical-align-top elementor-widget elementor-widget-image-box\" data-id=\"08b2154\" data-element_type=\"widget\" data-widget_type=\"image-box.default\">\n\t\t\t\t<div class=\"elementor-widget-container\">\n\t\t\t\t\t<div class=\"elementor-image-box-wrapper\"><figure class=\"elementor-image-box-img\"><img loading=\"lazy\" decoding=\"async\" width=\"400\" height=\"475\" src=\"https:\/\/weiss.bazaks.digital\/wp-content\/uploads\/2024\/07\/illus-alex-2.jpg\" class=\"attachment-full size-full wp-image-1481\" alt=\"\" srcset=\"https:\/\/weiss.bazaks.digital\/wp-content\/uploads\/2024\/07\/illus-alex-2.jpg 400w, https:\/\/weiss.bazaks.digital\/wp-content\/uploads\/2024\/07\/illus-alex-2-253x300.jpg 253w\" sizes=\"(max-width: 400px) 100vw, 400px\" \/><\/figure><div class=\"elementor-image-box-content\"><h4 class=\"elementor-image-box-title\">Alexandre de Boccard, Presidente del Consejo de Administraci\u00f3n<\/h4><p class=\"elementor-image-box-description\">Tras licenciarse en Derecho en 2003 por la Universidad de Ginebra y obtener un m\u00e1ster en Derecho por la Universidad de Georgetown en Washington DC en 2007, el Sr. de Boccard adquiri\u00f3 su experiencia en el departamento bancario de un prestigioso bufete de abogados suizo. En 2013, Alexandre se incorpor\u00f3 a Ochsner & Associ\u00e9s en Ginebra como especialista en regulaci\u00f3n de mercados financieros.Miembro del Colegio de Abogados de Nueva York y Ginebra, el Sr. de Boccard aporta a Weisshorn Asset Management SA un valioso know-how jur\u00eddico y regulatorio.<\/p><\/div><\/div>\t\t\t\t<\/div>\n\t\t\t\t<\/div>\n\t\t\t\t<\/div>\n\t\t<div class=\"elementor-element elementor-element-41a6384 e-con-full blkPopup e-flex e-con e-child\" data-id=\"41a6384\" data-element_type=\"container\" id=\"popup_6\">\n\t\t\t\t<div class=\"elementor-element elementor-element-5562213 elementor-align-right elementor-widget elementor-widget-button\" data-id=\"5562213\" data-element_type=\"widget\" data-widget_type=\"button.default\">\n\t\t\t\t<div class=\"elementor-widget-container\">\n\t\t\t\t\t\t\t\t\t<div class=\"elementor-button-wrapper\">\n\t\t\t\t\t<a class=\"elementor-button elementor-button-link elementor-size-sm\" href=\"\">\n\t\t\t\t\t\t<span class=\"elementor-button-content-wrapper\">\n\t\t\t\t\t\t\t\t\t<span class=\"elementor-button-text\">Cerrar<\/span>\n\t\t\t\t\t<\/span>\n\t\t\t\t\t<\/a>\n\t\t\t\t<\/div>\n\t\t\t\t\t\t\t\t<\/div>\n\t\t\t\t<\/div>\n\t\t\t\t<div class=\"elementor-element elementor-element-2cd3107 elementor-position-left elementor-vertical-align-top elementor-widget elementor-widget-image-box\" data-id=\"2cd3107\" data-element_type=\"widget\" data-widget_type=\"image-box.default\">\n\t\t\t\t<div class=\"elementor-widget-container\">\n\t\t\t\t\t<div class=\"elementor-image-box-wrapper\"><figure class=\"elementor-image-box-img\"><img loading=\"lazy\" decoding=\"async\" width=\"400\" height=\"475\" src=\"https:\/\/weiss.bazaks.digital\/wp-content\/uploads\/2024\/07\/illus-xavier.jpg\" class=\"attachment-full size-full wp-image-1483\" alt=\"\" srcset=\"https:\/\/weiss.bazaks.digital\/wp-content\/uploads\/2024\/07\/illus-xavier.jpg 400w, https:\/\/weiss.bazaks.digital\/wp-content\/uploads\/2024\/07\/illus-xavier-253x300.jpg 253w\" sizes=\"(max-width: 400px) 100vw, 400px\" \/><\/figure><div class=\"elementor-image-box-content\"><h4 class=\"elementor-image-box-title\">Xavier Pellaud, Vicepresidente del Consejo de Administraci\u00f3n<\/h4><p class=\"elementor-image-box-description\">Titular del Diploma Federal de Experto Contable, Director LBA de Fiducior SA, Socio y Presidente del Consejo de Administraci\u00f3n - Experto Auditor certificado ASR. Miembro de EXPERT Suisse.<\/p><\/div><\/div>\t\t\t\t<\/div>\n\t\t\t\t<\/div>\n\t\t\t\t<\/div>\n\t\t<div class=\"elementor-element elementor-element-e84cda5 e-con-full blkPopup e-flex e-con e-child\" data-id=\"e84cda5\" data-element_type=\"container\" id=\"popup_7\">\n\t\t\t\t<div class=\"elementor-element elementor-element-1de1b1a elementor-align-right elementor-widget elementor-widget-button\" data-id=\"1de1b1a\" data-element_type=\"widget\" data-widget_type=\"button.default\">\n\t\t\t\t<div class=\"elementor-widget-container\">\n\t\t\t\t\t\t\t\t\t<div class=\"elementor-button-wrapper\">\n\t\t\t\t\t<a class=\"elementor-button elementor-button-link elementor-size-sm\" href=\"\">\n\t\t\t\t\t\t<span class=\"elementor-button-content-wrapper\">\n\t\t\t\t\t\t\t\t\t<span class=\"elementor-button-text\">Cerrar<\/span>\n\t\t\t\t\t<\/span>\n\t\t\t\t\t<\/a>\n\t\t\t\t<\/div>\n\t\t\t\t\t\t\t\t<\/div>\n\t\t\t\t<\/div>\n\t\t\t\t<div class=\"elementor-element elementor-element-ba0d8e9 elementor-position-left elementor-vertical-align-top elementor-widget elementor-widget-image-box\" data-id=\"ba0d8e9\" data-element_type=\"widget\" data-widget_type=\"image-box.default\">\n\t\t\t\t<div class=\"elementor-widget-container\">\n\t\t\t\t\t<div class=\"elementor-image-box-wrapper\"><figure class=\"elementor-image-box-img\"><img loading=\"lazy\" decoding=\"async\" width=\"535\" height=\"602\" src=\"https:\/\/weiss.bazaks.digital\/wp-content\/uploads\/2024\/10\/Photo-Thierry_def.jpg\" class=\"attachment-full size-full wp-image-3570\" alt=\"\" srcset=\"https:\/\/weiss.bazaks.digital\/wp-content\/uploads\/2024\/10\/Photo-Thierry_def.jpg 535w, https:\/\/weiss.bazaks.digital\/wp-content\/uploads\/2024\/10\/Photo-Thierry_def-267x300.jpg 267w\" sizes=\"(max-width: 535px) 100vw, 535px\" \/><\/figure><div class=\"elementor-image-box-content\"><h4 class=\"elementor-image-box-title\">Thierry Michel, CEO, Fundador<\/h4><p class=\"elementor-image-box-description\">Tras cursar estudios universitarios en Ginebra, Thierry se incorpor\u00f3 a un importante banco suizo internacional como gestor de patrimonios. En 2004, Thierry se convirti\u00f3 en director del banco. M\u00e1s tarde, decidi\u00f3 lanzar su propia empresa de gesti\u00f3n de patrimonios para estar m\u00e1s cerca de sus clientes, que es lo que m\u00e1s valora.<\/p><\/div><\/div>\t\t\t\t<\/div>\n\t\t\t\t<\/div>\n\t\t\t\t<\/div>\n\t\t<div class=\"elementor-element elementor-element-1f0cf8d e-con-full blkPopup e-flex e-con e-child\" data-id=\"1f0cf8d\" data-element_type=\"container\" id=\"popup_1\">\n\t\t\t\t<div class=\"elementor-element elementor-element-3ce34f8 elementor-align-right elementor-widget elementor-widget-button\" data-id=\"3ce34f8\" data-element_type=\"widget\" data-widget_type=\"button.default\">\n\t\t\t\t<div class=\"elementor-widget-container\">\n\t\t\t\t\t\t\t\t\t<div class=\"elementor-button-wrapper\">\n\t\t\t\t\t<a class=\"elementor-button elementor-button-link elementor-size-sm\" href=\"\">\n\t\t\t\t\t\t<span class=\"elementor-button-content-wrapper\">\n\t\t\t\t\t\t\t\t\t<span class=\"elementor-button-text\">Cerrar<\/span>\n\t\t\t\t\t<\/span>\n\t\t\t\t\t<\/a>\n\t\t\t\t<\/div>\n\t\t\t\t\t\t\t\t<\/div>\n\t\t\t\t<\/div>\n\t\t\t\t<div class=\"elementor-element elementor-element-297147a elementor-position-left elementor-vertical-align-top elementor-widget elementor-widget-image-box\" data-id=\"297147a\" data-element_type=\"widget\" data-widget_type=\"image-box.default\">\n\t\t\t\t<div class=\"elementor-widget-container\">\n\t\t\t\t\t<div class=\"elementor-image-box-wrapper\"><figure class=\"elementor-image-box-img\"><img loading=\"lazy\" decoding=\"async\" width=\"514\" height=\"606\" src=\"https:\/\/weiss.bazaks.digital\/wp-content\/uploads\/2024\/10\/Photo_Bouchardy.jpg\" class=\"attachment-full size-full wp-image-3698\" alt=\"\" srcset=\"https:\/\/weiss.bazaks.digital\/wp-content\/uploads\/2024\/10\/Photo_Bouchardy.jpg 514w, https:\/\/weiss.bazaks.digital\/wp-content\/uploads\/2024\/10\/Photo_Bouchardy-254x300.jpg 254w\" sizes=\"(max-width: 514px) 100vw, 514px\" \/><\/figure><div class=\"elementor-image-box-content\"><h4 class=\"elementor-image-box-title\">Alexandre Bouchardy, CFA , Responsable de Renta Fija<\/h4><p class=\"elementor-image-box-description\">Alexandre Bouchardy cuenta con m\u00e1s de 20 a\u00f1os de experiencia en gesti\u00f3n de activos y patrimonios, prestando servicios a clientes institucionales y UHNWI en Europa, Oriente Medio y Asia. Antes de incorporarse a Weisshorn AM, fue CIO del negocio Multi-Asset y Director de Estrategia de Inversi\u00f3n en Credit Suisse Asset Management (CSAM), con sede en Z\u00farich. Anteriormente, fue Director de Gesti\u00f3n de Activos en CSAM en Singapur y Director de Renta Fija y Variable Asi\u00e1tica, donde lanz\u00f3 productos innovadores y obtuvo unos buenos resultados de inversi\u00f3n. Alexandre es licenciado en Ciencias Econ\u00f3micas por HEC Lausanne (Suiza) y CFA Charterholder.<\/p><\/div><\/div>\t\t\t\t<\/div>\n\t\t\t\t<\/div>\n\t\t\t\t<\/div>\n\t\t<div class=\"elementor-element elementor-element-a1c0e25 e-con-full blkPopup e-flex e-con e-child\" data-id=\"a1c0e25\" data-element_type=\"container\" id=\"popup_2\">\n\t\t\t\t<div class=\"elementor-element elementor-element-cc71375 elementor-align-right elementor-widget elementor-widget-button\" data-id=\"cc71375\" data-element_type=\"widget\" data-widget_type=\"button.default\">\n\t\t\t\t<div class=\"elementor-widget-container\">\n\t\t\t\t\t\t\t\t\t<div class=\"elementor-button-wrapper\">\n\t\t\t\t\t<a class=\"elementor-button elementor-button-link elementor-size-sm\" href=\"\">\n\t\t\t\t\t\t<span class=\"elementor-button-content-wrapper\">\n\t\t\t\t\t\t\t\t\t<span class=\"elementor-button-text\">Cerrar<\/span>\n\t\t\t\t\t<\/span>\n\t\t\t\t\t<\/a>\n\t\t\t\t<\/div>\n\t\t\t\t\t\t\t\t<\/div>\n\t\t\t\t<\/div>\n\t\t\t\t<div class=\"elementor-element elementor-element-4c03ac4 elementor-position-left elementor-vertical-align-top elementor-widget elementor-widget-image-box\" data-id=\"4c03ac4\" data-element_type=\"widget\" data-widget_type=\"image-box.default\">\n\t\t\t\t<div class=\"elementor-widget-container\">\n\t\t\t\t\t<div class=\"elementor-image-box-wrapper\"><figure class=\"elementor-image-box-img\"><img loading=\"lazy\" decoding=\"async\" width=\"539\" height=\"606\" src=\"https:\/\/weiss.bazaks.digital\/wp-content\/uploads\/2024\/10\/Photo-Lucas_def.jpg\" class=\"attachment-full size-full wp-image-3567\" alt=\"\" srcset=\"https:\/\/weiss.bazaks.digital\/wp-content\/uploads\/2024\/10\/Photo-Lucas_def.jpg 539w, https:\/\/weiss.bazaks.digital\/wp-content\/uploads\/2024\/10\/Photo-Lucas_def-267x300.jpg 267w\" sizes=\"(max-width: 539px) 100vw, 539px\" \/><\/figure><div class=\"elementor-image-box-content\"><h4 class=\"elementor-image-box-title\">Lucas Matti, CFA, Gestor de cartera<\/h4><p class=\"elementor-image-box-description\">Mientras estudiaba en el HES-SO de Ginebra, Lucas comenz\u00f3 su carrera en Bruellan SA, donde asisti\u00f3 al CIO en la gesti\u00f3n de 2 fondos de renta variable durante 2 a\u00f1os. Tras graduarse en la HES-SO, ocup\u00f3 el puesto de gestor de carteras junior en el equipo de gesti\u00f3n centralizada de carteras de Bruellan. Lucas se centra en el mercado de renta variable y sigue mejorando sus habilidades anal\u00edticas, ya que actualmente est\u00e1 matriculado en el plan de estudios CFA.<\/p><\/div><\/div>\t\t\t\t<\/div>\n\t\t\t\t<\/div>\n\t\t\t\t<\/div>\n\t\t<div class=\"elementor-element elementor-element-f1d7a52 e-con-full blkPopup e-flex e-con e-child\" data-id=\"f1d7a52\" data-element_type=\"container\" id=\"popup_3\">\n\t\t\t\t<div class=\"elementor-element elementor-element-034edad elementor-align-right elementor-widget elementor-widget-button\" data-id=\"034edad\" data-element_type=\"widget\" data-widget_type=\"button.default\">\n\t\t\t\t<div class=\"elementor-widget-container\">\n\t\t\t\t\t\t\t\t\t<div class=\"elementor-button-wrapper\">\n\t\t\t\t\t<a class=\"elementor-button elementor-button-link elementor-size-sm\" href=\"\">\n\t\t\t\t\t\t<span class=\"elementor-button-content-wrapper\">\n\t\t\t\t\t\t\t\t\t<span class=\"elementor-button-text\">Cerrar<\/span>\n\t\t\t\t\t<\/span>\n\t\t\t\t\t<\/a>\n\t\t\t\t<\/div>\n\t\t\t\t\t\t\t\t<\/div>\n\t\t\t\t<\/div>\n\t\t\t\t<div class=\"elementor-element elementor-element-71f4950 elementor-vertical-align-top elementor-widget elementor-widget-image-box\" data-id=\"71f4950\" data-element_type=\"widget\" data-widget_type=\"image-box.default\">\n\t\t\t\t<div class=\"elementor-widget-container\">\n\t\t\t\t\t<div class=\"elementor-image-box-wrapper\"><div class=\"elementor-image-box-content\"><h4 class=\"elementor-image-box-title\">Tarik Garidi, PhD, Gestor de cartera<\/h4><p class=\"elementor-image-box-description\">Tarik cuenta con dos d\u00e9cadas de experiencia en empresas l\u00edderes en puestos de gesti\u00f3n de carteras y riesgos, entre los que destacan el de jefe de grupo de riesgos de mercado, liquidez e inversi\u00f3n en Lombard Odier (6 a\u00f1os) y el de negociaci\u00f3n sistem\u00e1tica en Brevan Howard (5 a\u00f1os). Anteriormente, Tarik trabaj\u00f3 como investigador y gestor de productos en RiskMetrics (ahora parte de MSCI). Tarik es doctor en f\u00edsica te\u00f3rica por la Universidad Par\u00eds Diderot y actualmente imparte clases de aprendizaje autom\u00e1tico de matem\u00e1ticas y visi\u00f3n por ordenador en HEPIA (parte de HES-SO).<\/p><\/div><\/div>\t\t\t\t<\/div>\n\t\t\t\t<\/div>\n\t\t\t\t<\/div>\n\t\t<div class=\"elementor-element elementor-element-9949619 e-con-full blkPopup e-flex e-con e-child\" data-id=\"9949619\" data-element_type=\"container\" id=\"popup_4\">\n\t\t\t\t<div class=\"elementor-element elementor-element-34573c9 elementor-align-right elementor-widget elementor-widget-button\" data-id=\"34573c9\" data-element_type=\"widget\" data-widget_type=\"button.default\">\n\t\t\t\t<div class=\"elementor-widget-container\">\n\t\t\t\t\t\t\t\t\t<div class=\"elementor-button-wrapper\">\n\t\t\t\t\t<a class=\"elementor-button elementor-button-link elementor-size-sm\" href=\"\">\n\t\t\t\t\t\t<span class=\"elementor-button-content-wrapper\">\n\t\t\t\t\t\t\t\t\t<span class=\"elementor-button-text\">Cerrar<\/span>\n\t\t\t\t\t<\/span>\n\t\t\t\t\t<\/a>\n\t\t\t\t<\/div>\n\t\t\t\t\t\t\t\t<\/div>\n\t\t\t\t<\/div>\n\t\t\t\t<div class=\"elementor-element elementor-element-9af38c6 elementor-position-left elementor-vertical-align-top elementor-widget elementor-widget-image-box\" data-id=\"9af38c6\" data-element_type=\"widget\" data-widget_type=\"image-box.default\">\n\t\t\t\t<div class=\"elementor-widget-container\">\n\t\t\t\t\t<div class=\"elementor-image-box-wrapper\"><figure class=\"elementor-image-box-img\"><img loading=\"lazy\" decoding=\"async\" width=\"400\" height=\"475\" src=\"https:\/\/weiss.bazaks.digital\/wp-content\/uploads\/2024\/07\/illus-denis.jpg\" class=\"attachment-full size-full wp-image-1479\" alt=\"\" srcset=\"https:\/\/weiss.bazaks.digital\/wp-content\/uploads\/2024\/07\/illus-denis.jpg 400w, https:\/\/weiss.bazaks.digital\/wp-content\/uploads\/2024\/07\/illus-denis-253x300.jpg 253w\" sizes=\"(max-width: 400px) 100vw, 400px\" \/><\/figure><div class=\"elementor-image-box-content\"><h4 class=\"elementor-image-box-title\">Denis Lattion, Senior Manager<\/h4><p class=\"elementor-image-box-description\">Tras una s\u00f3lida formaci\u00f3n bancaria, Denis inici\u00f3 su carrera en la Swiss Bank Corporation de Ginebra. Desde 1990, trabaja en el \u00e1mbito de la gesti\u00f3n de patrimonios para clientes privados suizos e internacionales. Mientras ocupaba puestos de responsabilidad en varios bancos, continu\u00f3 su formaci\u00f3n y obtuvo una licenciatura en gesti\u00f3n empresarial, un DESS y posteriormente un MBA.En 2018, recibi\u00f3 una certificaci\u00f3n federal como Consultor de Gesti\u00f3n de Activos (LSFIN-CWMA).<\/p><\/div><\/div>\t\t\t\t<\/div>\n\t\t\t\t<\/div>\n\t\t\t\t<\/div>\n\t\t\t\t\t<\/div>\n\t\t\t\t<\/div>\n\t\t<div class=\"elementor-element elementor-element-2940754 animated-slow e-flex e-con-boxed elementor-invisible e-con e-parent\" data-id=\"2940754\" data-element_type=\"container\" data-settings=\"{&quot;background_background&quot;:&quot;classic&quot;,&quot;animation&quot;:&quot;fadeIn&quot;}\">\n\t\t\t\t\t<div class=\"e-con-inner\">\n\t\t\t\t<div class=\"elementor-element elementor-element-639aae8 elementor-widget elementor-widget-heading\" data-id=\"639aae8\" data-element_type=\"widget\" data-widget_type=\"heading.default\">\n\t\t\t\t<div class=\"elementor-widget-container\">\n\t\t\t\t\t<h2 class=\"elementor-heading-title elementor-size-default\">\u00bfC\u00f3mo funciona?<\/h2>\t\t\t\t<\/div>\n\t\t\t\t<\/div>\n\t\t\t\t<div class=\"elementor-element elementor-element-5550732 elementor-widget elementor-widget-video\" data-id=\"5550732\" data-element_type=\"widget\" data-settings=\"{&quot;video_type&quot;:&quot;hosted&quot;,&quot;autoplay&quot;:&quot;yes&quot;,&quot;play_on_mobile&quot;:&quot;yes&quot;,&quot;loop&quot;:&quot;yes&quot;,&quot;controls&quot;:&quot;yes&quot;}\" data-widget_type=\"video.default\">\n\t\t\t\t<div class=\"elementor-widget-container\">\n\t\t\t\t\t\t\t<div class=\"e-hosted-video elementor-wrapper elementor-open-inline\">\n\t\t\t\t\t<video class=\"elementor-video\" src=\"https:\/\/weiss.bazaks.digital\/wp-content\/uploads\/2024\/08\/WH-diagram-1.mp4\" autoplay=\"\" loop=\"\" controls=\"\" playsinline=\"\" controlsList=\"nodownload\"><\/video>\n\t\t\t\t<\/div>\n\t\t\t\t\t\t<\/div>\n\t\t\t\t<\/div>\n\t\t\t\t\t<\/div>\n\t\t\t\t<\/div>\n\t\t<div class=\"elementor-element elementor-element-8a6b960 animated-slow e-flex e-con-boxed elementor-invisible e-con e-parent\" data-id=\"8a6b960\" data-element_type=\"container\" data-settings=\"{&quot;background_background&quot;:&quot;classic&quot;,&quot;animation&quot;:&quot;fadeIn&quot;}\">\n\t\t\t\t\t<div class=\"e-con-inner\">\n\t\t\t\t<div class=\"elementor-element elementor-element-f45084a elementor-widget elementor-widget-heading\" data-id=\"f45084a\" data-element_type=\"widget\" data-widget_type=\"heading.default\">\n\t\t\t\t<div class=\"elementor-widget-container\">\n\t\t\t\t\t<h2 class=\"elementor-heading-title elementor-size-default\">Principales Bancos Depositarios<\/h2>\t\t\t\t<\/div>\n\t\t\t\t<\/div>\n\t\t\t\t<div class=\"elementor-element elementor-element-329e404 elementor-skin-carousel elementor-pagination-type-bullets elementor-pagination-position-outside elementor-widget elementor-widget-media-carousel\" data-id=\"329e404\" data-element_type=\"widget\" data-settings=\"{&quot;slides_per_view&quot;:&quot;4&quot;,&quot;slides_to_scroll&quot;:&quot;1&quot;,&quot;speed&quot;:800,&quot;autoplay_speed&quot;:3000,&quot;lazyload&quot;:&quot;yes&quot;,&quot;space_between&quot;:{&quot;unit&quot;:&quot;px&quot;,&quot;size&quot;:75,&quot;sizes&quot;:[]},&quot;skin&quot;:&quot;carousel&quot;,&quot;effect&quot;:&quot;slide&quot;,&quot;pagination&quot;:&quot;bullets&quot;,&quot;autoplay&quot;:&quot;yes&quot;,&quot;loop&quot;:&quot;yes&quot;,&quot;pause_on_hover&quot;:&quot;yes&quot;,&quot;pause_on_interaction&quot;:&quot;yes&quot;,&quot;space_between_tablet&quot;:{&quot;unit&quot;:&quot;px&quot;,&quot;size&quot;:10,&quot;sizes&quot;:[]},&quot;space_between_mobile&quot;:{&quot;unit&quot;:&quot;px&quot;,&quot;size&quot;:10,&quot;sizes&quot;:[]}}\" data-widget_type=\"media-carousel.default\">\n\t\t\t\t<div class=\"elementor-widget-container\">\n\t\t\t\t\t\t\t<div class=\"elementor-swiper\">\n\t\t\t<div class=\"elementor-main-swiper swiper-container\">\n\t\t\t\t<div class=\"swiper-wrapper\">\n\t\t\t\t\t\t\t\t\t\t\t<div class=\"swiper-slide\">\n\t\t\t\t\t\t\t<a href=\"https:\/\/www.pictet.com\/global\/en\" target=\"_blank\">\t\t<div class=\"elementor-carousel-image swiper-lazy\" role=\"img\" aria-label=\"Pictet 2021 - Logo Color - PNG RGB (002)\" data-background=\"https:\/\/weiss.bazaks.digital\/wp-content\/uploads\/2024\/07\/Pictet-2021-Logo-Color-PNG-RGB-002.png\">\n\n\t\t\t\t\t\t\t<div class=\"swiper-lazy-preloader\"><\/div>\n\t\t\t\n\t\t\t\t\t<\/div>\n\t\t<\/a>\t\t\t\t\t\t<\/div>\n\t\t\t\t\t\t\t\t\t\t\t<div class=\"swiper-slide\">\n\t\t\t\t\t\t\t<a href=\"https:\/\/www.jsafrasarasin.com\/en\/home.html\" target=\"_blank\">\t\t<div class=\"elementor-carousel-image swiper-lazy\" role=\"img\" aria-label=\"J.Safra Sarasin\" data-background=\"https:\/\/weiss.bazaks.digital\/wp-content\/uploads\/2024\/07\/logo-safra.png\">\n\n\t\t\t\t\t\t\t<div class=\"swiper-lazy-preloader\"><\/div>\n\t\t\t\n\t\t\t\t\t<\/div>\n\t\t<\/a>\t\t\t\t\t\t<\/div>\n\t\t\t\t\t\t\t\t\t\t\t<div class=\"swiper-slide\">\n\t\t\t\t\t\t\t<a href=\"https:\/\/www.ubs.com\/global\/en.html\" target=\"_blank\">\t\t<div class=\"elementor-carousel-image swiper-lazy\" role=\"img\" aria-label=\"UBS\" data-background=\"https:\/\/weiss.bazaks.digital\/wp-content\/uploads\/2024\/07\/logo-ubs.png\">\n\n\t\t\t\t\t\t\t<div class=\"swiper-lazy-preloader\"><\/div>\n\t\t\t\n\t\t\t\t\t<\/div>\n\t\t<\/a>\t\t\t\t\t\t<\/div>\n\t\t\t\t\t\t\t\t\t\t\t<div class=\"swiper-slide\">\n\t\t\t\t\t\t\t<a href=\"https:\/\/www.lombardodier.com\/home.html\" target=\"_blank\">\t\t<div class=\"elementor-carousel-image swiper-lazy\" role=\"img\" aria-label=\"LO_Bloc logo412c\" data-background=\"https:\/\/weiss.bazaks.digital\/wp-content\/uploads\/2024\/07\/LO_Bloc-logo412c.jpg\">\n\n\t\t\t\t\t\t\t<div class=\"swiper-lazy-preloader\"><\/div>\n\t\t\t\n\t\t\t\t\t<\/div>\n\t\t<\/a>\t\t\t\t\t\t<\/div>\n\t\t\t\t\t\t\t\t\t\t\t<div class=\"swiper-slide\">\n\t\t\t\t\t\t\t<a href=\"https:\/\/www.piguetgalland.ch\/en\/\" target=\"_blank\">\t\t<div class=\"elementor-carousel-image swiper-lazy\" role=\"img\" aria-label=\"Logo_PiguetGalland\" data-background=\"https:\/\/weiss.bazaks.digital\/wp-content\/uploads\/2024\/07\/Logo_PiguetGalland.png\">\n\n\t\t\t\t\t\t\t<div class=\"swiper-lazy-preloader\"><\/div>\n\t\t\t\n\t\t\t\t\t<\/div>\n\t\t<\/a>\t\t\t\t\t\t<\/div>\n\t\t\t\t\t\t\t\t\t\t\t<div class=\"swiper-slide\">\n\t\t\t\t\t\t\t<a href=\"https:\/\/www.swissquote.com\/en-ch\/private\" target=\"_blank\">\t\t<div class=\"elementor-carousel-image swiper-lazy\" role=\"img\" aria-label=\"logo-swissquote-claim-swiss-leader-en\" data-background=\"https:\/\/weiss.bazaks.digital\/wp-content\/uploads\/2024\/07\/logo-swissquote-claim-swiss-leader-en.png\">\n\n\t\t\t\t\t\t\t<div class=\"swiper-lazy-preloader\"><\/div>\n\t\t\t\n\t\t\t\t\t<\/div>\n\t\t<\/a>\t\t\t\t\t\t<\/div>\n\t\t\t\t\t\t\t\t\t<\/div>\n\t\t\t\t\t\t\t\t\t\t\t\t\t\t\t<div class=\"swiper-pagination\"><\/div>\n\t\t\t\t\t\t\t\t\t\t\t\t\t\t\t\t\t<\/div>\n\t\t<\/div>\n\t\t\t\t\t\t<\/div>\n\t\t\t\t<\/div>\n\t\t\t\t\t<\/div>\n\t\t\t\t<\/div>\n\t\t\t\t<\/div>\n\t\t","protected":false},"excerpt":{"rendered":"<p>Historia de Weisshorn Asset Management\u00a0 Weisshorn Asset Management fue fundada en 2015 por un equipo de gestores de activos experimentados, cada uno con m\u00e1s de una d\u00e9cada de experiencia independiente. Desde su fundaci\u00f3n, la empresa ha prestado servicios de gesti\u00f3n de carteras a medida a clientes privados de alto patrimonio neto, centr\u00e1ndose en la conservaci\u00f3n [&hellip;]<\/p>\n","protected":false},"author":1,"featured_media":0,"parent":0,"menu_order":0,"comment_status":"closed","ping_status":"closed","template":"","meta":{"_acf_changed":false,"footnotes":""},"acf":[],"yoast_head":"<!-- This site is optimized with the Yoast SEO plugin v23.7 - https:\/\/yoast.com\/wordpress\/plugins\/seo\/ -->\n<title>Qui\u00e9nes somos - weiss.bazaks.digital<\/title>\n<meta name=\"robots\" content=\"index, follow, max-snippet:-1, max-image-preview:large, max-video-preview:-1\" \/>\n<link rel=\"canonical\" href=\"https:\/\/weiss.bazaks.digital\/es\/quienes-somos\/\" \/>\n<meta property=\"og:locale\" content=\"es_ES\" \/>\n<meta property=\"og:type\" content=\"article\" \/>\n<meta property=\"og:title\" content=\"Qui\u00e9nes somos - weiss.bazaks.digital\" \/>\n<meta property=\"og:description\" content=\"Historia de Weisshorn Asset Management\u00a0 Weisshorn Asset Management fue fundada en 2015 por un equipo de gestores de activos experimentados, cada uno con m\u00e1s de una d\u00e9cada de experiencia independiente. Desde su fundaci\u00f3n, la empresa ha prestado servicios de gesti\u00f3n de carteras a medida a clientes privados de alto patrimonio neto, centr\u00e1ndose en la conservaci\u00f3n [&hellip;]\" \/>\n<meta property=\"og:url\" content=\"https:\/\/weiss.bazaks.digital\/es\/quienes-somos\/\" \/>\n<meta property=\"og:site_name\" content=\"weiss.bazaks.digital\" \/>\n<meta property=\"article:modified_time\" content=\"2024-11-04T13:54:12+00:00\" \/>\n<meta property=\"og:image\" content=\"https:\/\/weiss.bazaks.digital\/wp-content\/uploads\/2024\/08\/Rade-GNV-1.jpg\" \/>\n\t<meta property=\"og:image:width\" content=\"4000\" \/>\n\t<meta property=\"og:image:height\" content=\"2250\" \/>\n\t<meta property=\"og:image:type\" content=\"image\/jpeg\" \/>\n<meta name=\"twitter:card\" content=\"summary_large_image\" \/>\n<meta name=\"twitter:label1\" content=\"Tiempo de lectura\" \/>\n\t<meta name=\"twitter:data1\" content=\"8 minutos\" \/>\n<script type=\"application\/ld+json\" class=\"yoast-schema-graph\">{\"@context\":\"https:\/\/schema.org\",\"@graph\":[{\"@type\":\"WebPage\",\"@id\":\"https:\/\/weiss.bazaks.digital\/es\/quienes-somos\/\",\"url\":\"https:\/\/weiss.bazaks.digital\/es\/quienes-somos\/\",\"name\":\"Qui\u00e9nes somos - weiss.bazaks.digital\",\"isPartOf\":{\"@id\":\"https:\/\/weiss.bazaks.digital\/es\/#website\"},\"primaryImageOfPage\":{\"@id\":\"https:\/\/weiss.bazaks.digital\/es\/quienes-somos\/#primaryimage\"},\"image\":{\"@id\":\"https:\/\/weiss.bazaks.digital\/es\/quienes-somos\/#primaryimage\"},\"thumbnailUrl\":\"https:\/\/weiss.bazaks.digital\/wp-content\/uploads\/2024\/08\/Rade-GNV-1.jpg\",\"datePublished\":\"2024-07-10T17:01:27+00:00\",\"dateModified\":\"2024-11-04T13:54:12+00:00\",\"breadcrumb\":{\"@id\":\"https:\/\/weiss.bazaks.digital\/es\/quienes-somos\/#breadcrumb\"},\"inLanguage\":\"es\",\"potentialAction\":[{\"@type\":\"ReadAction\",\"target\":[\"https:\/\/weiss.bazaks.digital\/es\/quienes-somos\/\"]}]},{\"@type\":\"ImageObject\",\"inLanguage\":\"es\",\"@id\":\"https:\/\/weiss.bazaks.digital\/es\/quienes-somos\/#primaryimage\",\"url\":\"https:\/\/weiss.bazaks.digital\/wp-content\/uploads\/2024\/08\/Rade-GNV-1.jpg\",\"contentUrl\":\"https:\/\/weiss.bazaks.digital\/wp-content\/uploads\/2024\/08\/Rade-GNV-1.jpg\"},{\"@type\":\"BreadcrumbList\",\"@id\":\"https:\/\/weiss.bazaks.digital\/es\/quienes-somos\/#breadcrumb\",\"itemListElement\":[{\"@type\":\"ListItem\",\"position\":1,\"name\":\"Home\",\"item\":\"https:\/\/weiss.bazaks.digital\/es\/\"},{\"@type\":\"ListItem\",\"position\":2,\"name\":\"Qui\u00e9nes somos\"}]},{\"@type\":\"WebSite\",\"@id\":\"https:\/\/weiss.bazaks.digital\/es\/#website\",\"url\":\"https:\/\/weiss.bazaks.digital\/es\/\",\"name\":\"weiss.bazaks.digital\",\"description\":\"\",\"publisher\":{\"@id\":\"https:\/\/weiss.bazaks.digital\/es\/#organization\"},\"potentialAction\":[{\"@type\":\"SearchAction\",\"target\":{\"@type\":\"EntryPoint\",\"urlTemplate\":\"https:\/\/weiss.bazaks.digital\/es\/?s={search_term_string}\"},\"query-input\":{\"@type\":\"PropertyValueSpecification\",\"valueRequired\":true,\"valueName\":\"search_term_string\"}}],\"inLanguage\":\"es\"},{\"@type\":\"Organization\",\"@id\":\"https:\/\/weiss.bazaks.digital\/es\/#organization\",\"name\":\"weiss.bazaks.digital\",\"url\":\"https:\/\/weiss.bazaks.digital\/es\/\",\"logo\":{\"@type\":\"ImageObject\",\"inLanguage\":\"es\",\"@id\":\"https:\/\/weiss.bazaks.digital\/es\/#\/schema\/logo\/image\/\",\"url\":\"https:\/\/weiss.bazaks.digital\/wp-content\/uploads\/2024\/07\/logo-weisshorn.png\",\"contentUrl\":\"https:\/\/weiss.bazaks.digital\/wp-content\/uploads\/2024\/07\/logo-weisshorn.png\",\"width\":228,\"height\":55,\"caption\":\"weiss.bazaks.digital\"},\"image\":{\"@id\":\"https:\/\/weiss.bazaks.digital\/es\/#\/schema\/logo\/image\/\"}}]}<\/script>\n<!-- \/ Yoast SEO plugin. -->","yoast_head_json":{"title":"Qui\u00e9nes somos - weiss.bazaks.digital","robots":{"index":"index","follow":"follow","max-snippet":"max-snippet:-1","max-image-preview":"max-image-preview:large","max-video-preview":"max-video-preview:-1"},"canonical":"https:\/\/weiss.bazaks.digital\/es\/quienes-somos\/","og_locale":"es_ES","og_type":"article","og_title":"Qui\u00e9nes somos - weiss.bazaks.digital","og_description":"Historia de Weisshorn Asset Management\u00a0 Weisshorn Asset Management fue fundada en 2015 por un equipo de gestores de activos experimentados, cada uno con m\u00e1s de una d\u00e9cada de experiencia independiente. Desde su fundaci\u00f3n, la empresa ha prestado servicios de gesti\u00f3n de carteras a medida a clientes privados de alto patrimonio neto, centr\u00e1ndose en la conservaci\u00f3n [&hellip;]","og_url":"https:\/\/weiss.bazaks.digital\/es\/quienes-somos\/","og_site_name":"weiss.bazaks.digital","article_modified_time":"2024-11-04T13:54:12+00:00","og_image":[{"width":4000,"height":2250,"url":"https:\/\/weiss.bazaks.digital\/wp-content\/uploads\/2024\/08\/Rade-GNV-1.jpg","type":"image\/jpeg"}],"twitter_card":"summary_large_image","twitter_misc":{"Tiempo de lectura":"8 minutos"},"schema":{"@context":"https:\/\/schema.org","@graph":[{"@type":"WebPage","@id":"https:\/\/weiss.bazaks.digital\/es\/quienes-somos\/","url":"https:\/\/weiss.bazaks.digital\/es\/quienes-somos\/","name":"Qui\u00e9nes somos - weiss.bazaks.digital","isPartOf":{"@id":"https:\/\/weiss.bazaks.digital\/es\/#website"},"primaryImageOfPage":{"@id":"https:\/\/weiss.bazaks.digital\/es\/quienes-somos\/#primaryimage"},"image":{"@id":"https:\/\/weiss.bazaks.digital\/es\/quienes-somos\/#primaryimage"},"thumbnailUrl":"https:\/\/weiss.bazaks.digital\/wp-content\/uploads\/2024\/08\/Rade-GNV-1.jpg","datePublished":"2024-07-10T17:01:27+00:00","dateModified":"2024-11-04T13:54:12+00:00","breadcrumb":{"@id":"https:\/\/weiss.bazaks.digital\/es\/quienes-somos\/#breadcrumb"},"inLanguage":"es","potentialAction":[{"@type":"ReadAction","target":["https:\/\/weiss.bazaks.digital\/es\/quienes-somos\/"]}]},{"@type":"ImageObject","inLanguage":"es","@id":"https:\/\/weiss.bazaks.digital\/es\/quienes-somos\/#primaryimage","url":"https:\/\/weiss.bazaks.digital\/wp-content\/uploads\/2024\/08\/Rade-GNV-1.jpg","contentUrl":"https:\/\/weiss.bazaks.digital\/wp-content\/uploads\/2024\/08\/Rade-GNV-1.jpg"},{"@type":"BreadcrumbList","@id":"https:\/\/weiss.bazaks.digital\/es\/quienes-somos\/#breadcrumb","itemListElement":[{"@type":"ListItem","position":1,"name":"Home","item":"https:\/\/weiss.bazaks.digital\/es\/"},{"@type":"ListItem","position":2,"name":"Qui\u00e9nes somos"}]},{"@type":"WebSite","@id":"https:\/\/weiss.bazaks.digital\/es\/#website","url":"https:\/\/weiss.bazaks.digital\/es\/","name":"weiss.bazaks.digital","description":"","publisher":{"@id":"https:\/\/weiss.bazaks.digital\/es\/#organization"},"potentialAction":[{"@type":"SearchAction","target":{"@type":"EntryPoint","urlTemplate":"https:\/\/weiss.bazaks.digital\/es\/?s={search_term_string}"},"query-input":{"@type":"PropertyValueSpecification","valueRequired":true,"valueName":"search_term_string"}}],"inLanguage":"es"},{"@type":"Organization","@id":"https:\/\/weiss.bazaks.digital\/es\/#organization","name":"weiss.bazaks.digital","url":"https:\/\/weiss.bazaks.digital\/es\/","logo":{"@type":"ImageObject","inLanguage":"es","@id":"https:\/\/weiss.bazaks.digital\/es\/#\/schema\/logo\/image\/","url":"https:\/\/weiss.bazaks.digital\/wp-content\/uploads\/2024\/07\/logo-weisshorn.png","contentUrl":"https:\/\/weiss.bazaks.digital\/wp-content\/uploads\/2024\/07\/logo-weisshorn.png","width":228,"height":55,"caption":"weiss.bazaks.digital"},"image":{"@id":"https:\/\/weiss.bazaks.digital\/es\/#\/schema\/logo\/image\/"}}]}},"_links":{"self":[{"href":"https:\/\/weiss.bazaks.digital\/es\/wp-json\/wp\/v2\/pages\/3155"}],"collection":[{"href":"https:\/\/weiss.bazaks.digital\/es\/wp-json\/wp\/v2\/pages"}],"about":[{"href":"https:\/\/weiss.bazaks.digital\/es\/wp-json\/wp\/v2\/types\/page"}],"author":[{"embeddable":true,"href":"https:\/\/weiss.bazaks.digital\/es\/wp-json\/wp\/v2\/users\/1"}],"replies":[{"embeddable":true,"href":"https:\/\/weiss.bazaks.digital\/es\/wp-json\/wp\/v2\/comments?post=3155"}],"version-history":[{"count":10,"href":"https:\/\/weiss.bazaks.digital\/es\/wp-json\/wp\/v2\/pages\/3155\/revisions"}],"predecessor-version":[{"id":4139,"href":"https:\/\/weiss.bazaks.digital\/es\/wp-json\/wp\/v2\/pages\/3155\/revisions\/4139"}],"wp:attachment":[{"href":"https:\/\/weiss.bazaks.digital\/es\/wp-json\/wp\/v2\/media?parent=3155"}],"curies":[{"name":"wp","href":"https:\/\/api.w.org\/{rel}","templated":true}]}}