{"id":2181,"date":"2024-07-10T17:01:27","date_gmt":"2024-07-10T17:01:27","guid":{"rendered":"https:\/\/weiss.bazaks.digital\/a-propos-de-nous\/"},"modified":"2024-11-04T13:53:09","modified_gmt":"2024-11-04T13:53:09","slug":"a-propos","status":"publish","type":"page","link":"https:\/\/weiss.bazaks.digital\/fr\/a-propos\/","title":{"rendered":"\u00c0 propos"},"content":{"rendered":"\t\t<div data-elementor-type=\"wp-page\" data-elementor-id=\"2181\" class=\"elementor elementor-2181 elementor-331\" data-elementor-post-type=\"page\">\n\t\t\t\t<div class=\"elementor-element elementor-element-aa529f2 e-con-full e-flex e-con e-parent\" data-id=\"aa529f2\" data-element_type=\"container\" data-settings=\"{&quot;background_background&quot;:&quot;classic&quot;}\">\n\t\t\t\t<div class=\"elementor-element elementor-element-f1ea4ff animated-slow elementor-invisible elementor-widget elementor-widget-heading\" data-id=\"f1ea4ff\" data-element_type=\"widget\" data-settings=\"{&quot;_animation&quot;:&quot;fadeIn&quot;}\" data-widget_type=\"heading.default\">\n\t\t\t\t<div class=\"elementor-widget-container\">\n\t\t\t\t\t<h1 class=\"elementor-heading-title elementor-size-default\">\u00c0 propos<\/h1>\t\t\t\t<\/div>\n\t\t\t\t<\/div>\n\t\t\t\t<\/div>\n\t\t<div class=\"elementor-element elementor-element-3617582 e-flex e-con-boxed e-con e-parent\" data-id=\"3617582\" data-element_type=\"container\" data-settings=\"{&quot;background_background&quot;:&quot;classic&quot;}\">\n\t\t\t\t\t<div class=\"e-con-inner\">\n\t\t<div class=\"elementor-element elementor-element-40e1cd0 e-con-full animated-slow e-flex elementor-invisible e-con e-child\" data-id=\"40e1cd0\" data-element_type=\"container\" data-settings=\"{&quot;animation&quot;:&quot;customFadeInUp&quot;}\">\n\t\t\t\t<div class=\"elementor-element elementor-element-175871d elementor-widget elementor-widget-heading\" data-id=\"175871d\" data-element_type=\"widget\" data-widget_type=\"heading.default\">\n\t\t\t\t<div class=\"elementor-widget-container\">\n\t\t\t\t\t<h2 class=\"elementor-heading-title elementor-size-default\">Histoire de<\/h2>\t\t\t\t<\/div>\n\t\t\t\t<\/div>\n\t\t\t\t<div class=\"elementor-element elementor-element-c072243 elementor-widget elementor-widget-heading\" data-id=\"c072243\" data-element_type=\"widget\" data-widget_type=\"heading.default\">\n\t\t\t\t<div class=\"elementor-widget-container\">\n\t\t\t\t\t<h3 class=\"elementor-heading-title elementor-size-default\">Weisshorn Asset Management\u00a0<\/h3>\t\t\t\t<\/div>\n\t\t\t\t<\/div>\n\t\t\t\t<div class=\"elementor-element elementor-element-3cd6fae blkWysiwyg elementor-widget elementor-widget-text-editor\" data-id=\"3cd6fae\" data-element_type=\"widget\" data-widget_type=\"text-editor.default\">\n\t\t\t\t<div class=\"elementor-widget-container\">\n\t\t\t\t\t\t\t\t\t<p>Weisshorn Asset Management a \u00e9t\u00e9 fond\u00e9e en 2015 par une \u00e9quipe de gestionnaires d&rsquo;actifs exp\u00e9riment\u00e9s, chacun ayant plus d&rsquo;une d\u00e9cennie d&rsquo;exp\u00e9rience ind\u00e9pendante. Depuis sa cr\u00e9ation, la soci\u00e9t\u00e9 fournit des services de gestion de portefeuille sur mesure \u00e0 des clients priv\u00e9s fortun\u00e9s, en se concentrant sur la pr\u00e9servation et la croissance du patrimoine \u00e0 travers les g\u00e9n\u00e9rations.<\/p>\n\t\t\t\t\t\t\t\t<\/div>\n\t\t\t\t<\/div>\n\t\t\t\t<\/div>\n\t\t<div class=\"elementor-element elementor-element-cd8e843 e-con-full animated-slow e-flex elementor-invisible e-con e-child\" data-id=\"cd8e843\" data-element_type=\"container\" data-settings=\"{&quot;animation&quot;:&quot;customFadeInUp&quot;}\">\n\t\t\t\t<div class=\"elementor-element elementor-element-0d5b140 elementor-widget elementor-widget-image\" data-id=\"0d5b140\" data-element_type=\"widget\" data-widget_type=\"image.default\">\n\t\t\t\t<div class=\"elementor-widget-container\">\n\t\t\t\t\t\t\t\t\t\t\t\t\t\t\t<img fetchpriority=\"high\" decoding=\"async\" width=\"4000\" height=\"2250\" src=\"https:\/\/weiss.bazaks.digital\/wp-content\/uploads\/2024\/08\/Rade-GNV-1.jpg\" class=\"attachment-full size-full wp-image-1964\" alt=\"\" srcset=\"https:\/\/weiss.bazaks.digital\/wp-content\/uploads\/2024\/08\/Rade-GNV-1.jpg 4000w, https:\/\/weiss.bazaks.digital\/wp-content\/uploads\/2024\/08\/Rade-GNV-1-300x169.jpg 300w, https:\/\/weiss.bazaks.digital\/wp-content\/uploads\/2024\/08\/Rade-GNV-1-1024x576.jpg 1024w, https:\/\/weiss.bazaks.digital\/wp-content\/uploads\/2024\/08\/Rade-GNV-1-768x432.jpg 768w, https:\/\/weiss.bazaks.digital\/wp-content\/uploads\/2024\/08\/Rade-GNV-1-1536x864.jpg 1536w, https:\/\/weiss.bazaks.digital\/wp-content\/uploads\/2024\/08\/Rade-GNV-1-2048x1152.jpg 2048w\" sizes=\"(max-width: 4000px) 100vw, 4000px\" \/>\t\t\t\t\t\t\t\t\t\t\t\t\t\t\t<\/div>\n\t\t\t\t<\/div>\n\t\t\t\t<\/div>\n\t\t\t\t\t<\/div>\n\t\t\t\t<\/div>\n\t\t<div class=\"elementor-element elementor-element-9e13d3a e-flex e-con-boxed e-con e-parent\" data-id=\"9e13d3a\" data-element_type=\"container\" data-settings=\"{&quot;background_background&quot;:&quot;classic&quot;}\">\n\t\t\t\t\t<div class=\"e-con-inner\">\n\t\t\t\t<div class=\"elementor-element elementor-element-d956196 animated-slow elementor-invisible elementor-widget elementor-widget-heading\" data-id=\"d956196\" data-element_type=\"widget\" data-settings=\"{&quot;_animation&quot;:&quot;fadeIn&quot;}\" data-widget_type=\"heading.default\">\n\t\t\t\t<div class=\"elementor-widget-container\">\n\t\t\t\t\t<h2 class=\"elementor-heading-title elementor-size-default\">Fondateurs<\/h2>\t\t\t\t<\/div>\n\t\t\t\t<\/div>\n\t\t<div class=\"elementor-element elementor-element-f1e74cb e-con-full animated-slow e-flex elementor-invisible e-con e-child\" data-id=\"f1e74cb\" data-element_type=\"container\" data-settings=\"{&quot;animation&quot;:&quot;fadeIn&quot;}\">\n\t\t<div class=\"elementor-element elementor-element-7b362ca e-con-full e-flex e-con e-child\" data-id=\"7b362ca\" data-element_type=\"container\">\n\t\t\t\t<div class=\"elementor-element elementor-element-51bb99b animated-slow elementor-widget elementor-widget-image\" data-id=\"51bb99b\" data-element_type=\"widget\" data-settings=\"{&quot;_animation&quot;:&quot;none&quot;}\" data-widget_type=\"image.default\">\n\t\t\t\t<div class=\"elementor-widget-container\">\n\t\t\t\t\t\t\t\t\t\t\t\t\t\t\t<img decoding=\"async\" width=\"535\" height=\"602\" src=\"https:\/\/weiss.bazaks.digital\/wp-content\/uploads\/2024\/10\/Photo-Thierry_def.jpg\" class=\"attachment-large size-large wp-image-3569\" alt=\"\" srcset=\"https:\/\/weiss.bazaks.digital\/wp-content\/uploads\/2024\/10\/Photo-Thierry_def.jpg 535w, https:\/\/weiss.bazaks.digital\/wp-content\/uploads\/2024\/10\/Photo-Thierry_def-267x300.jpg 267w\" sizes=\"(max-width: 535px) 100vw, 535px\" \/>\t\t\t\t\t\t\t\t\t\t\t\t\t\t\t<\/div>\n\t\t\t\t<\/div>\n\t\t\t\t<\/div>\n\t\t<div class=\"elementor-element elementor-element-aefa070 e-con-full e-flex e-con e-child\" data-id=\"aefa070\" data-element_type=\"container\">\n\t\t\t\t<div class=\"elementor-element elementor-element-7342b71 elementor-widget elementor-widget-heading\" data-id=\"7342b71\" data-element_type=\"widget\" data-widget_type=\"heading.default\">\n\t\t\t\t<div class=\"elementor-widget-container\">\n\t\t\t\t\t<span class=\"elementor-heading-title elementor-size-default\">CEO, Fondateur<\/span>\t\t\t\t<\/div>\n\t\t\t\t<\/div>\n\t\t\t\t<div class=\"elementor-element elementor-element-7e604d4 elementor-widget elementor-widget-heading\" data-id=\"7e604d4\" data-element_type=\"widget\" data-widget_type=\"heading.default\">\n\t\t\t\t<div class=\"elementor-widget-container\">\n\t\t\t\t\t<h2 class=\"elementor-heading-title elementor-size-default\">Thierry Michel<\/h2>\t\t\t\t<\/div>\n\t\t\t\t<\/div>\n\t\t\t\t<div class=\"elementor-element elementor-element-4685c49 elementor-widget elementor-widget-text-editor\" data-id=\"4685c49\" data-element_type=\"widget\" data-widget_type=\"text-editor.default\">\n\t\t\t\t<div class=\"elementor-widget-container\">\n\t\t\t\t\t\t\t\t\t<p>Apr\u00e8s avoir obtenu son dipl\u00f4me universitaire \u00e0 Gen\u00e8ve, Thierry a rejoint une grande banque internationale suisse en tant que gestionnaire de fortune. En 2004, Thierry est devenu directeur de la banque. Plus tard, il d\u00e9cide de lancer sa propre soci\u00e9t\u00e9 de gestion de patrimoine afin d&rsquo;\u00eatre plus proche de ses clients, ce qui lui tient le plus \u00e0 c\u0153ur.<\/p>\n\t\t\t\t\t\t\t\t<\/div>\n\t\t\t\t<\/div>\n\t\t\t\t<\/div>\n\t\t\t\t<\/div>\n\t\t<div class=\"elementor-element elementor-element-a5f6666 e-con-full animated-slow e-flex elementor-invisible e-con e-child\" data-id=\"a5f6666\" data-element_type=\"container\" data-settings=\"{&quot;animation&quot;:&quot;fadeIn&quot;}\">\n\t\t<div class=\"elementor-element elementor-element-8daa86c e-con-full e-flex e-con e-child\" data-id=\"8daa86c\" data-element_type=\"container\">\n\t\t\t\t<div class=\"elementor-element elementor-element-ccd427c animated-slow elementor-widget elementor-widget-image\" data-id=\"ccd427c\" data-element_type=\"widget\" data-settings=\"{&quot;_animation&quot;:&quot;none&quot;}\" data-widget_type=\"image.default\">\n\t\t\t\t<div class=\"elementor-widget-container\">\n\t\t\t\t\t\t\t\t\t\t\t\t\t\t\t<img decoding=\"async\" width=\"400\" height=\"475\" src=\"https:\/\/weiss.bazaks.digital\/wp-content\/uploads\/2024\/07\/illus-alex.jpg\" class=\"attachment-large size-large wp-image-1476\" alt=\"\" srcset=\"https:\/\/weiss.bazaks.digital\/wp-content\/uploads\/2024\/07\/illus-alex.jpg 400w, https:\/\/weiss.bazaks.digital\/wp-content\/uploads\/2024\/07\/illus-alex-253x300.jpg 253w\" sizes=\"(max-width: 400px) 100vw, 400px\" \/>\t\t\t\t\t\t\t\t\t\t\t\t\t\t\t<\/div>\n\t\t\t\t<\/div>\n\t\t\t\t<\/div>\n\t\t<div class=\"elementor-element elementor-element-1507f6a e-con-full e-flex e-con e-child\" data-id=\"1507f6a\" data-element_type=\"container\">\n\t\t\t\t<div class=\"elementor-element elementor-element-f937844 elementor-widget elementor-widget-heading\" data-id=\"f937844\" data-element_type=\"widget\" data-widget_type=\"heading.default\">\n\t\t\t\t<div class=\"elementor-widget-container\">\n\t\t\t\t\t<span class=\"elementor-heading-title elementor-size-default\">CIO, Fondateur<\/span>\t\t\t\t<\/div>\n\t\t\t\t<\/div>\n\t\t\t\t<div class=\"elementor-element elementor-element-575fc97 elementor-widget elementor-widget-heading\" data-id=\"575fc97\" data-element_type=\"widget\" data-widget_type=\"heading.default\">\n\t\t\t\t<div class=\"elementor-widget-container\">\n\t\t\t\t\t<h2 class=\"elementor-heading-title elementor-size-default\">Alexandre Gulino<\/h2>\t\t\t\t<\/div>\n\t\t\t\t<\/div>\n\t\t\t\t<div class=\"elementor-element elementor-element-d14e12f elementor-widget elementor-widget-text-editor\" data-id=\"d14e12f\" data-element_type=\"widget\" data-widget_type=\"text-editor.default\">\n\t\t\t\t<div class=\"elementor-widget-container\">\n\t\t\t\t\t\t\t\t\t<p>Apr\u00e8s avoir termin\u00e9 ses \u00e9tudes \u00e0 Gen\u00e8ve, Alexandre rejoint une grande banque internationale suisse en tant que conseiller sur les march\u00e9s d&rsquo;actions et de produits d\u00e9riv\u00e9s. Durant cette p\u00e9riode, Alexandre obtient les dipl\u00f4mes d&rsquo;analyste financier CFPI (AZEK) et CIIA.<\/p>\n<p>Apr\u00e8s une br\u00e8ve p\u00e9riode au sein d&rsquo;une banque priv\u00e9e genevoise en tant qu&rsquo;analyste technique, Alexandre se lance dans la gestion de fortune en 2006 en cofondant OAM Finance SA o\u00f9 il d\u00e9veloppe et met en \u0153uvre la strat\u00e9gie d&rsquo;investissement en fonction des diff\u00e9rents mandats confi\u00e9s par les clients.<\/p>\n\t\t\t\t\t\t\t\t<\/div>\n\t\t\t\t<\/div>\n\t\t\t\t<\/div>\n\t\t\t\t<\/div>\n\t\t<div class=\"elementor-element elementor-element-1ba8123 e-con-full animated-slow e-flex elementor-invisible e-con e-child\" data-id=\"1ba8123\" data-element_type=\"container\" data-settings=\"{&quot;animation&quot;:&quot;fadeIn&quot;}\">\n\t\t<div class=\"elementor-element elementor-element-3a0387a e-con-full e-flex e-con e-child\" data-id=\"3a0387a\" data-element_type=\"container\">\n\t\t\t\t<div class=\"elementor-element elementor-element-9094c56 animated-slow elementor-widget elementor-widget-image\" data-id=\"9094c56\" data-element_type=\"widget\" data-settings=\"{&quot;_animation&quot;:&quot;none&quot;}\" data-widget_type=\"image.default\">\n\t\t\t\t<div class=\"elementor-widget-container\">\n\t\t\t\t\t\t\t\t\t\t\t\t\t\t\t<img loading=\"lazy\" decoding=\"async\" width=\"509\" height=\"602\" src=\"https:\/\/weiss.bazaks.digital\/wp-content\/uploads\/2024\/10\/Photo-Yan_def.jpg\" class=\"attachment-large size-large wp-image-3572\" alt=\"\" srcset=\"https:\/\/weiss.bazaks.digital\/wp-content\/uploads\/2024\/10\/Photo-Yan_def.jpg 509w, https:\/\/weiss.bazaks.digital\/wp-content\/uploads\/2024\/10\/Photo-Yan_def-254x300.jpg 254w\" sizes=\"(max-width: 509px) 100vw, 509px\" \/>\t\t\t\t\t\t\t\t\t\t\t\t\t\t\t<\/div>\n\t\t\t\t<\/div>\n\t\t\t\t<\/div>\n\t\t<div class=\"elementor-element elementor-element-7f5e5ba e-con-full e-flex e-con e-child\" data-id=\"7f5e5ba\" data-element_type=\"container\">\n\t\t\t\t<div class=\"elementor-element elementor-element-b1d122b elementor-widget elementor-widget-heading\" data-id=\"b1d122b\" data-element_type=\"widget\" data-widget_type=\"heading.default\">\n\t\t\t\t<div class=\"elementor-widget-container\">\n\t\t\t\t\t<span class=\"elementor-heading-title elementor-size-default\">D\u00e9veloppeur d'affaires senior, Fondateur<\/span>\t\t\t\t<\/div>\n\t\t\t\t<\/div>\n\t\t\t\t<div class=\"elementor-element elementor-element-9369e2b elementor-widget elementor-widget-heading\" data-id=\"9369e2b\" data-element_type=\"widget\" data-widget_type=\"heading.default\">\n\t\t\t\t<div class=\"elementor-widget-container\">\n\t\t\t\t\t<h2 class=\"elementor-heading-title elementor-size-default\">Yan Zanus-Fort\u00e8s<\/h2>\t\t\t\t<\/div>\n\t\t\t\t<\/div>\n\t\t\t\t<div class=\"elementor-element elementor-element-fbc0c5b elementor-widget elementor-widget-text-editor\" data-id=\"fbc0c5b\" data-element_type=\"widget\" data-widget_type=\"text-editor.default\">\n\t\t\t\t<div class=\"elementor-widget-container\">\n\t\t\t\t\t\t\t\t\t<p>Yan a commenc\u00e9 sa carri\u00e8re en tant que comptable et contr\u00f4leur au sein du groupe Bacardi (1996-2001), au d\u00e9partement des finances. Apr\u00e8s plusieurs ann\u00e9es, il a d\u00e9cid\u00e9 de relever un nouveau d\u00e9fi professionnel et a rejoint External Asset Manager \u00e0 Gen\u00e8ve. Au cours de ces derni\u00e8res ann\u00e9es, il est devenu associ\u00e9 et s&rsquo;est concentr\u00e9 sur les march\u00e9s du Private Equity, des actions et des obligations. Yan a plus de 20 ans d&rsquo;exp\u00e9rience en tant que gestionnaire d&rsquo;actifs.<\/p>\n<p>Afin d&rsquo;accro\u00eetre sa croissance, il r\u00e9unit quelques professionnels pour cr\u00e9er une nouvelle soci\u00e9t\u00e9 de gestion de fortune, d\u00fbment r\u00e9glement\u00e9e par la FINMA, dans laquelle il agit en tant qu&rsquo;actionnaire passif. Parall\u00e8lement, il d\u00e9cide d&rsquo;\u00e9tendre son r\u00e9seau d&rsquo;affaires avec un nouveau family office et un gestionnaire d&rsquo;actifs \u00e0 Duba\u00ef et \u00e0 l&rsquo;\u00eele Maurice.<\/p>\n\t\t\t\t\t\t\t\t<\/div>\n\t\t\t\t<\/div>\n\t\t\t\t<\/div>\n\t\t\t\t<\/div>\n\t\t\t\t\t<\/div>\n\t\t\t\t<\/div>\n\t\t<div class=\"elementor-element elementor-element-a5f134b secTeamInfo animated-slow e-flex e-con-boxed elementor-invisible e-con e-parent\" data-id=\"a5f134b\" data-element_type=\"container\" data-settings=\"{&quot;background_background&quot;:&quot;classic&quot;,&quot;animation&quot;:&quot;fadeIn&quot;}\">\n\t\t\t\t\t<div class=\"e-con-inner\">\n\t\t<div class=\"elementor-element elementor-element-afd8114 e-con-full blkTextInfo e-flex e-con e-child\" data-id=\"afd8114\" data-element_type=\"container\" data-settings=\"{&quot;background_background&quot;:&quot;classic&quot;}\">\n\t\t\t\t<div class=\"elementor-element elementor-element-d64eed7 elementor-widget elementor-widget-heading\" data-id=\"d64eed7\" data-element_type=\"widget\" data-widget_type=\"heading.default\">\n\t\t\t\t<div class=\"elementor-widget-container\">\n\t\t\t\t\t<h2 class=\"elementor-heading-title elementor-size-default\">Notre \u00e9quipe<\/h2>\t\t\t\t<\/div>\n\t\t\t\t<\/div>\n\t\t<div class=\"elementor-element elementor-element-ab2d354 e-con-full e-flex e-con e-child\" data-id=\"ab2d354\" data-element_type=\"container\">\n\t\t<div class=\"elementor-element elementor-element-c9bf740 e-con-full e-flex e-con e-child\" data-id=\"c9bf740\" data-element_type=\"container\">\n\t\t\t\t<div class=\"elementor-element elementor-element-dac0da8 elementor-widget elementor-widget-text-editor\" data-id=\"dac0da8\" data-element_type=\"widget\" data-widget_type=\"text-editor.default\">\n\t\t\t\t<div class=\"elementor-widget-container\">\n\t\t\t\t\t\t\t\t\t<h3>Conseil d&rsquo;administration<\/h3>\n<p><a href=\"#\" data-id=\"#popup_5\">Alexandre de Boccard, Pr\u00e9sident<\/a><\/p>\n<p><a href=\"#\" data-id=\"#popup_6\">Xavier Pellaud, Vice-Pr\u00e9sident<\/a><\/p>\n<p><a href=\"#\" data-id=\"#popup_7\">Thierry Michel, Secr\u00e9taire<\/a><\/p>\n\t\t\t\t\t\t\t\t<\/div>\n\t\t\t\t<\/div>\n\t\t\t\t<div class=\"elementor-element elementor-element-3a13020 elementor-widget elementor-widget-text-editor\" data-id=\"3a13020\" data-element_type=\"widget\" data-widget_type=\"text-editor.default\">\n\t\t\t\t<div class=\"elementor-widget-container\">\n\t\t\t\t\t\t\t\t\t<h3>\u00c9quipe de gestion<\/h3>\n<p>Thierry Michel, CEO<\/p>\n<p>Alexandre Gulino, CIIA, CIO<\/p>\n\t\t\t\t\t\t\t\t<\/div>\n\t\t\t\t<\/div>\n\t\t\t\t<div class=\"elementor-element elementor-element-c081842 elementor-widget elementor-widget-text-editor\" data-id=\"c081842\" data-element_type=\"widget\" data-widget_type=\"text-editor.default\">\n\t\t\t\t<div class=\"elementor-widget-container\">\n\t\t\t\t\t\t\t\t\t<h3>Gestion des risques &amp; Compliance<\/h3>\n<p>Jeanne Jost, Gestionnaire de risques<\/p>\n<p>St\u00e9phane Hofer, Compliance<\/p>\n\t\t\t\t\t\t\t\t<\/div>\n\t\t\t\t<\/div>\n\t\t\t\t<div class=\"elementor-element elementor-element-a099595 elementor-widget elementor-widget-text-editor\" data-id=\"a099595\" data-element_type=\"widget\" data-widget_type=\"text-editor.default\">\n\t\t\t\t<div class=\"elementor-widget-container\">\n\t\t\t\t\t\t\t\t\t<h3>\u00a0Asset Management<\/h3>\n<p>Alexandre Gulino, CIIA, CIO<\/p>\n<p><a href=\"#\" data-id=\"#popup_1\">Alexandre Bouchardy, CFA , Responsable obligataire<\/a><\/p>\n<p><a href=\"#\" data-id=\"#popup_2\">Lucas Matti, CFA, Gestionnaire de portefeuille<\/a><\/p>\n<p><a href=\"#\" data-id=\"#popup_3\">Tarik Garidi, PhD,\u00a0 Gestionnaire de portefeuille<\/a><\/p>\n<p>Alexandre Monney, Gestionnaire de portefeuille junior<\/p>\n\t\t\t\t\t\t\t\t<\/div>\n\t\t\t\t<\/div>\n\t\t\t\t<\/div>\n\t\t<div class=\"elementor-element elementor-element-275ec0d e-con-full e-flex e-con e-child\" data-id=\"275ec0d\" data-element_type=\"container\">\n\t\t\t\t<div class=\"elementor-element elementor-element-2e9e355 elementor-widget elementor-widget-text-editor\" data-id=\"2e9e355\" data-element_type=\"widget\" data-widget_type=\"text-editor.default\">\n\t\t\t\t<div class=\"elementor-widget-container\">\n\t\t\t\t\t\t\t\t\t<h3>\u00c9quipe<\/h3>\n<p><a href=\"#\" data-id=\"#popup_4\">Denis Lattion, Gestionnaire senior<\/a><\/p>\n<p>Sonia Scaraggi, Responsable de la relation client\u00e8le<\/p>\n<p>Christina Gaud, Charg\u00e9e de la relation client\u00e8le<\/p>\n<p>Monica Domenech, Charg\u00e9e de la relation client\u00e8le<\/p>\n<p>Nathalia Vaca Lopez, Assistante administrative<\/p>\n<p>Yan Zanus-Fort\u00e8s, D\u00e9veloppeur d&rsquo;affaires senior<\/p>\n\t\t\t\t\t\t\t\t<\/div>\n\t\t\t\t<\/div>\n\t\t\t\t<div class=\"elementor-element elementor-element-0748599 elementor-widget elementor-widget-text-editor\" data-id=\"0748599\" data-element_type=\"widget\" data-widget_type=\"text-editor.default\">\n\t\t\t\t<div class=\"elementor-widget-container\">\n\t\t\t\t\t\t\t\t\t<h3>Partenaires<\/h3><p><a href=\"https:\/\/www.bdo.ch\/fr-ch\/home-fr\" target=\"_blank\" rel=\"noopener\">BDO, Auditeur<\/a><\/p><p><a href=\"https:\/\/finsom.ch\/fr\/\" target=\"_blank\" rel=\"noopener\">Finsom, Organe de m\u00e9diation<\/a><\/p>\t\t\t\t\t\t\t\t<\/div>\n\t\t\t\t<\/div>\n\t\t\t\t<\/div>\n\t\t\t\t<\/div>\n\t\t\t\t<\/div>\n\t\t\t\t<div class=\"elementor-element elementor-element-33747c7 elementor-widget__width-initial elementor-widget elementor-widget-image\" data-id=\"33747c7\" data-element_type=\"widget\" data-widget_type=\"image.default\">\n\t\t\t\t<div class=\"elementor-widget-container\">\n\t\t\t\t\t\t\t\t\t\t\t\t\t\t\t<img loading=\"lazy\" decoding=\"async\" width=\"4000\" height=\"6000\" src=\"https:\/\/weiss.bazaks.digital\/wp-content\/uploads\/2024\/08\/thomas-peham-EBTOmBs61fc-unsplash.jpg\" class=\"attachment-full size-full wp-image-2226\" alt=\"\" srcset=\"https:\/\/weiss.bazaks.digital\/wp-content\/uploads\/2024\/08\/thomas-peham-EBTOmBs61fc-unsplash.jpg 4000w, https:\/\/weiss.bazaks.digital\/wp-content\/uploads\/2024\/08\/thomas-peham-EBTOmBs61fc-unsplash-200x300.jpg 200w, https:\/\/weiss.bazaks.digital\/wp-content\/uploads\/2024\/08\/thomas-peham-EBTOmBs61fc-unsplash-683x1024.jpg 683w, https:\/\/weiss.bazaks.digital\/wp-content\/uploads\/2024\/08\/thomas-peham-EBTOmBs61fc-unsplash-768x1152.jpg 768w, https:\/\/weiss.bazaks.digital\/wp-content\/uploads\/2024\/08\/thomas-peham-EBTOmBs61fc-unsplash-1024x1536.jpg 1024w, https:\/\/weiss.bazaks.digital\/wp-content\/uploads\/2024\/08\/thomas-peham-EBTOmBs61fc-unsplash-1365x2048.jpg 1365w\" sizes=\"(max-width: 4000px) 100vw, 4000px\" \/>\t\t\t\t\t\t\t\t\t\t\t\t\t\t\t<\/div>\n\t\t\t\t<\/div>\n\t\t<div class=\"elementor-element elementor-element-dc41990 e-con-full blkPopup e-flex e-con e-child\" data-id=\"dc41990\" data-element_type=\"container\" id=\"popup_5\">\n\t\t\t\t<div class=\"elementor-element elementor-element-731de4e elementor-align-right elementor-widget elementor-widget-button\" data-id=\"731de4e\" data-element_type=\"widget\" data-widget_type=\"button.default\">\n\t\t\t\t<div class=\"elementor-widget-container\">\n\t\t\t\t\t\t\t\t\t<div class=\"elementor-button-wrapper\">\n\t\t\t\t\t<a class=\"elementor-button elementor-button-link elementor-size-sm\" href=\"\">\n\t\t\t\t\t\t<span class=\"elementor-button-content-wrapper\">\n\t\t\t\t\t\t\t\t\t<span class=\"elementor-button-text\">Fermer<\/span>\n\t\t\t\t\t<\/span>\n\t\t\t\t\t<\/a>\n\t\t\t\t<\/div>\n\t\t\t\t\t\t\t\t<\/div>\n\t\t\t\t<\/div>\n\t\t\t\t<div class=\"elementor-element elementor-element-08b2154 elementor-position-left elementor-vertical-align-top elementor-widget elementor-widget-image-box\" data-id=\"08b2154\" data-element_type=\"widget\" data-widget_type=\"image-box.default\">\n\t\t\t\t<div class=\"elementor-widget-container\">\n\t\t\t\t\t<div class=\"elementor-image-box-wrapper\"><figure class=\"elementor-image-box-img\"><img loading=\"lazy\" decoding=\"async\" width=\"400\" height=\"475\" src=\"https:\/\/weiss.bazaks.digital\/wp-content\/uploads\/2024\/07\/illus-alex-2.jpg\" class=\"attachment-full size-full wp-image-1480\" alt=\"\" srcset=\"https:\/\/weiss.bazaks.digital\/wp-content\/uploads\/2024\/07\/illus-alex-2.jpg 400w, https:\/\/weiss.bazaks.digital\/wp-content\/uploads\/2024\/07\/illus-alex-2-253x300.jpg 253w\" sizes=\"(max-width: 400px) 100vw, 400px\" \/><\/figure><div class=\"elementor-image-box-content\"><h4 class=\"elementor-image-box-title\">Alexandre de Boccard, Pr\u00e9sident du conseil d'administration<\/h4><p class=\"elementor-image-box-description\">Apr\u00e8s avoir obtenu une licence en droit en 2003 \u00e0 l'Universit\u00e9 de Gen\u00e8ve et un LL.M. \u00e0 l'Universit\u00e9 de Georgetown \u00e0 Washington DC en 2007, M. de Boccard a acquis son exp\u00e9rience au sein du d\u00e9partement bancaire d'une prestigieuse \u00e9tude d'avocats suisse. En 2013, Alexandre a rejoint Ochsner & Associ\u00e9s \u00e0 Gen\u00e8ve en tant que sp\u00e9cialiste de la r\u00e9glementation des march\u00e9s financiers. Membre des barreaux de New York et de Gen\u00e8ve, M. de Boccard apporte \u00e0 Weisshorn Asset Management SA un pr\u00e9cieux savoir-faire juridique et r\u00e9glementaire.<\/p><\/div><\/div>\t\t\t\t<\/div>\n\t\t\t\t<\/div>\n\t\t\t\t<\/div>\n\t\t<div class=\"elementor-element elementor-element-41a6384 e-con-full blkPopup e-flex e-con e-child\" data-id=\"41a6384\" data-element_type=\"container\" id=\"popup_6\">\n\t\t\t\t<div class=\"elementor-element elementor-element-5562213 elementor-align-right elementor-widget elementor-widget-button\" data-id=\"5562213\" data-element_type=\"widget\" data-widget_type=\"button.default\">\n\t\t\t\t<div class=\"elementor-widget-container\">\n\t\t\t\t\t\t\t\t\t<div class=\"elementor-button-wrapper\">\n\t\t\t\t\t<a class=\"elementor-button elementor-button-link elementor-size-sm\" href=\"\">\n\t\t\t\t\t\t<span class=\"elementor-button-content-wrapper\">\n\t\t\t\t\t\t\t\t\t<span class=\"elementor-button-text\">Fermer<\/span>\n\t\t\t\t\t<\/span>\n\t\t\t\t\t<\/a>\n\t\t\t\t<\/div>\n\t\t\t\t\t\t\t\t<\/div>\n\t\t\t\t<\/div>\n\t\t\t\t<div class=\"elementor-element elementor-element-2cd3107 elementor-position-left elementor-vertical-align-top elementor-widget elementor-widget-image-box\" data-id=\"2cd3107\" data-element_type=\"widget\" data-widget_type=\"image-box.default\">\n\t\t\t\t<div class=\"elementor-widget-container\">\n\t\t\t\t\t<div class=\"elementor-image-box-wrapper\"><figure class=\"elementor-image-box-img\"><img loading=\"lazy\" decoding=\"async\" width=\"400\" height=\"475\" src=\"https:\/\/weiss.bazaks.digital\/wp-content\/uploads\/2024\/07\/illus-xavier.jpg\" class=\"attachment-full size-full wp-image-1482\" alt=\"\" srcset=\"https:\/\/weiss.bazaks.digital\/wp-content\/uploads\/2024\/07\/illus-xavier.jpg 400w, https:\/\/weiss.bazaks.digital\/wp-content\/uploads\/2024\/07\/illus-xavier-253x300.jpg 253w\" sizes=\"(max-width: 400px) 100vw, 400px\" \/><\/figure><div class=\"elementor-image-box-content\"><h4 class=\"elementor-image-box-title\">Xavier Pellaud, Vice-pr\u00e9sident du conseil d'administration<\/h4><p class=\"elementor-image-box-description\">Titulaire du dipl\u00f4me f\u00e9d\u00e9ral d'expert-comptable, directeur LBA de Fiducior SA, associ\u00e9 et pr\u00e9sident du conseil d'administration - Expert-r\u00e9viseur dipl\u00f4m\u00e9 ASR. Membre d'EXPERT Suisse.<\/p><\/div><\/div>\t\t\t\t<\/div>\n\t\t\t\t<\/div>\n\t\t\t\t<\/div>\n\t\t<div class=\"elementor-element elementor-element-e84cda5 e-con-full blkPopup e-flex e-con e-child\" data-id=\"e84cda5\" data-element_type=\"container\" id=\"popup_7\">\n\t\t\t\t<div class=\"elementor-element elementor-element-1de1b1a elementor-align-right elementor-widget elementor-widget-button\" data-id=\"1de1b1a\" data-element_type=\"widget\" data-widget_type=\"button.default\">\n\t\t\t\t<div class=\"elementor-widget-container\">\n\t\t\t\t\t\t\t\t\t<div class=\"elementor-button-wrapper\">\n\t\t\t\t\t<a class=\"elementor-button elementor-button-link elementor-size-sm\" href=\"\">\n\t\t\t\t\t\t<span class=\"elementor-button-content-wrapper\">\n\t\t\t\t\t\t\t\t\t<span class=\"elementor-button-text\">Fermer<\/span>\n\t\t\t\t\t<\/span>\n\t\t\t\t\t<\/a>\n\t\t\t\t<\/div>\n\t\t\t\t\t\t\t\t<\/div>\n\t\t\t\t<\/div>\n\t\t\t\t<div class=\"elementor-element elementor-element-ba0d8e9 elementor-position-left elementor-vertical-align-top elementor-widget elementor-widget-image-box\" data-id=\"ba0d8e9\" data-element_type=\"widget\" data-widget_type=\"image-box.default\">\n\t\t\t\t<div class=\"elementor-widget-container\">\n\t\t\t\t\t<div class=\"elementor-image-box-wrapper\"><figure class=\"elementor-image-box-img\"><img loading=\"lazy\" decoding=\"async\" width=\"535\" height=\"602\" src=\"https:\/\/weiss.bazaks.digital\/wp-content\/uploads\/2024\/10\/Photo-Thierry_def.jpg\" class=\"attachment-full size-full wp-image-3569\" alt=\"\" srcset=\"https:\/\/weiss.bazaks.digital\/wp-content\/uploads\/2024\/10\/Photo-Thierry_def.jpg 535w, https:\/\/weiss.bazaks.digital\/wp-content\/uploads\/2024\/10\/Photo-Thierry_def-267x300.jpg 267w\" sizes=\"(max-width: 535px) 100vw, 535px\" \/><\/figure><div class=\"elementor-image-box-content\"><h4 class=\"elementor-image-box-title\">Thierry Michel, CEO, Fondateur<\/h4><p class=\"elementor-image-box-description\">Apr\u00e8s avoir obtenu son dipl\u00f4me universitaire \u00e0 Gen\u00e8ve, Thierry a rejoint une grande banque internationale suisse en tant que gestionnaire de fortune. En 2004, Thierry est devenu directeur de la banque. Plus tard, il d\u00e9cide de lancer sa propre soci\u00e9t\u00e9 de gestion de patrimoine afin d'\u00eatre plus proche de ses clients, ce qui lui tient le plus \u00e0 c\u0153ur.<\/p><\/div><\/div>\t\t\t\t<\/div>\n\t\t\t\t<\/div>\n\t\t\t\t<\/div>\n\t\t<div class=\"elementor-element elementor-element-1f0cf8d e-con-full blkPopup e-flex e-con e-child\" data-id=\"1f0cf8d\" data-element_type=\"container\" id=\"popup_1\">\n\t\t\t\t<div class=\"elementor-element elementor-element-3ce34f8 elementor-align-right elementor-widget elementor-widget-button\" data-id=\"3ce34f8\" data-element_type=\"widget\" data-widget_type=\"button.default\">\n\t\t\t\t<div class=\"elementor-widget-container\">\n\t\t\t\t\t\t\t\t\t<div class=\"elementor-button-wrapper\">\n\t\t\t\t\t<a class=\"elementor-button elementor-button-link elementor-size-sm\" href=\"\">\n\t\t\t\t\t\t<span class=\"elementor-button-content-wrapper\">\n\t\t\t\t\t\t\t\t\t<span class=\"elementor-button-text\">Fermer<\/span>\n\t\t\t\t\t<\/span>\n\t\t\t\t\t<\/a>\n\t\t\t\t<\/div>\n\t\t\t\t\t\t\t\t<\/div>\n\t\t\t\t<\/div>\n\t\t\t\t<div class=\"elementor-element elementor-element-297147a elementor-position-left elementor-vertical-align-top elementor-widget elementor-widget-image-box\" data-id=\"297147a\" data-element_type=\"widget\" data-widget_type=\"image-box.default\">\n\t\t\t\t<div class=\"elementor-widget-container\">\n\t\t\t\t\t<div class=\"elementor-image-box-wrapper\"><figure class=\"elementor-image-box-img\"><img loading=\"lazy\" decoding=\"async\" width=\"514\" height=\"606\" src=\"https:\/\/weiss.bazaks.digital\/wp-content\/uploads\/2024\/10\/Photo_Bouchardy.jpg\" class=\"attachment-full size-full wp-image-3697\" alt=\"\" srcset=\"https:\/\/weiss.bazaks.digital\/wp-content\/uploads\/2024\/10\/Photo_Bouchardy.jpg 514w, https:\/\/weiss.bazaks.digital\/wp-content\/uploads\/2024\/10\/Photo_Bouchardy-254x300.jpg 254w\" sizes=\"(max-width: 514px) 100vw, 514px\" \/><\/figure><div class=\"elementor-image-box-content\"><h4 class=\"elementor-image-box-title\">Alexandre Bouchardy, CFA , Responsable obligataire<\/h4><p class=\"elementor-image-box-description\">Alexandre Bouchardy a plus de 20 ans d'exp\u00e9rience dans la gestion d'actifs et de patrimoine au service de clients institutionnels et UHNWI en Europe, au Moyen-Orient et en Asie. Avant de rejoindre Weisshorn AM, il \u00e9tait CIO de l'activit\u00e9 Multi-Asset et responsable de la strat\u00e9gie d'investissement chez Credit Suisse Asset Management (CSAM), bas\u00e9 \u00e0 Zurich. Auparavant, il \u00e9tait responsable de la gestion d'actifs chez CSAM \u00e0 Singapour et responsable de la gestion des titres \u00e0 revenu fixe et des actions en Asie, o\u00f9 il a lanc\u00e9 des produits innovants et obtenu d'excellentes performances en mati\u00e8re d'investissement. Alexandre est titulaire d'une ma\u00eetrise en \u00e9conomie de HEC Lausanne, en Suisse, et d'un certificat de CFA.<\/p><\/div><\/div>\t\t\t\t<\/div>\n\t\t\t\t<\/div>\n\t\t\t\t<\/div>\n\t\t<div class=\"elementor-element elementor-element-a1c0e25 e-con-full blkPopup e-flex e-con e-child\" data-id=\"a1c0e25\" data-element_type=\"container\" id=\"popup_2\">\n\t\t\t\t<div class=\"elementor-element elementor-element-cc71375 elementor-align-right elementor-widget elementor-widget-button\" data-id=\"cc71375\" data-element_type=\"widget\" data-widget_type=\"button.default\">\n\t\t\t\t<div class=\"elementor-widget-container\">\n\t\t\t\t\t\t\t\t\t<div class=\"elementor-button-wrapper\">\n\t\t\t\t\t<a class=\"elementor-button elementor-button-link elementor-size-sm\" href=\"\">\n\t\t\t\t\t\t<span class=\"elementor-button-content-wrapper\">\n\t\t\t\t\t\t\t\t\t<span class=\"elementor-button-text\">Fermer<\/span>\n\t\t\t\t\t<\/span>\n\t\t\t\t\t<\/a>\n\t\t\t\t<\/div>\n\t\t\t\t\t\t\t\t<\/div>\n\t\t\t\t<\/div>\n\t\t\t\t<div class=\"elementor-element elementor-element-4c03ac4 elementor-position-left elementor-vertical-align-top elementor-widget elementor-widget-image-box\" data-id=\"4c03ac4\" data-element_type=\"widget\" data-widget_type=\"image-box.default\">\n\t\t\t\t<div class=\"elementor-widget-container\">\n\t\t\t\t\t<div class=\"elementor-image-box-wrapper\"><figure class=\"elementor-image-box-img\"><img loading=\"lazy\" decoding=\"async\" width=\"539\" height=\"606\" src=\"https:\/\/weiss.bazaks.digital\/wp-content\/uploads\/2024\/10\/Photo-Lucas_def.jpg\" class=\"attachment-full size-full wp-image-3566\" alt=\"\" srcset=\"https:\/\/weiss.bazaks.digital\/wp-content\/uploads\/2024\/10\/Photo-Lucas_def.jpg 539w, https:\/\/weiss.bazaks.digital\/wp-content\/uploads\/2024\/10\/Photo-Lucas_def-267x300.jpg 267w\" sizes=\"(max-width: 539px) 100vw, 539px\" \/><\/figure><div class=\"elementor-image-box-content\"><h4 class=\"elementor-image-box-title\">Lucas Matti, CFA, Portfolio Manager<\/h4><p class=\"elementor-image-box-description\">Pendant ses \u00e9tudes \u00e0 la HES-SO \u00e0 Gen\u00e8ve, Lucas a commenc\u00e9 sa carri\u00e8re chez Bruellan SA o\u00f9 il a assist\u00e9 le CIO dans la gestion de 2 fonds d'actions pendant 2 ans. Apr\u00e8s avoir obtenu son dipl\u00f4me de la HES-SO, il a pris le poste de g\u00e9rant de portefeuille junior dans l'\u00e9quipe de gestion de portefeuille centralis\u00e9e de Bruellan. Lucas se concentre sur le march\u00e9 des actions et continue d'am\u00e9liorer ses comp\u00e9tences analytiques puisqu'il est actuellement inscrit au programme CFA.<\/p><\/div><\/div>\t\t\t\t<\/div>\n\t\t\t\t<\/div>\n\t\t\t\t<\/div>\n\t\t<div class=\"elementor-element elementor-element-f1d7a52 e-con-full blkPopup e-flex e-con e-child\" data-id=\"f1d7a52\" data-element_type=\"container\" id=\"popup_3\">\n\t\t\t\t<div class=\"elementor-element elementor-element-034edad elementor-align-right elementor-widget elementor-widget-button\" data-id=\"034edad\" data-element_type=\"widget\" data-widget_type=\"button.default\">\n\t\t\t\t<div class=\"elementor-widget-container\">\n\t\t\t\t\t\t\t\t\t<div class=\"elementor-button-wrapper\">\n\t\t\t\t\t<a class=\"elementor-button elementor-button-link elementor-size-sm\" href=\"\">\n\t\t\t\t\t\t<span class=\"elementor-button-content-wrapper\">\n\t\t\t\t\t\t\t\t\t<span class=\"elementor-button-text\">Fermer<\/span>\n\t\t\t\t\t<\/span>\n\t\t\t\t\t<\/a>\n\t\t\t\t<\/div>\n\t\t\t\t\t\t\t\t<\/div>\n\t\t\t\t<\/div>\n\t\t\t\t<div class=\"elementor-element elementor-element-71f4950 elementor-vertical-align-top elementor-widget elementor-widget-image-box\" data-id=\"71f4950\" data-element_type=\"widget\" data-widget_type=\"image-box.default\">\n\t\t\t\t<div class=\"elementor-widget-container\">\n\t\t\t\t\t<div class=\"elementor-image-box-wrapper\"><div class=\"elementor-image-box-content\"><h4 class=\"elementor-image-box-title\">Tarik Garidi, PhD, Portfolio Manager<\/h4><p class=\"elementor-image-box-description\">Tarik poss\u00e8de deux d\u00e9cennies d'exp\u00e9rience au sein d'entreprises de premier plan dans des fonctions de gestion de portefeuille et de gestion des risques, notamment en tant que chef de groupe pour le risque de march\u00e9, de liquidit\u00e9 et d'investissement chez Lombard Odier (6 ans) et pour le trading syst\u00e9matique chez Brevan Howard (5 ans). Avant cela, Tarik a \u00e9t\u00e9 chercheur et chef de produit chez RiskMetrics (qui fait maintenant partie de MSCI). Tarik est titulaire d'un doctorat en physique th\u00e9orique de l'universit\u00e9 Paris Diderot et enseigne actuellement les math\u00e9matiques, l'apprentissage automatique et la vision par ordinateur \u00e0 l'HEPIA (qui fait partie de la HES-SO).<\/p><\/div><\/div>\t\t\t\t<\/div>\n\t\t\t\t<\/div>\n\t\t\t\t<\/div>\n\t\t<div class=\"elementor-element elementor-element-9949619 e-con-full blkPopup e-flex e-con e-child\" data-id=\"9949619\" data-element_type=\"container\" id=\"popup_4\">\n\t\t\t\t<div class=\"elementor-element elementor-element-34573c9 elementor-align-right elementor-widget elementor-widget-button\" data-id=\"34573c9\" data-element_type=\"widget\" data-widget_type=\"button.default\">\n\t\t\t\t<div class=\"elementor-widget-container\">\n\t\t\t\t\t\t\t\t\t<div class=\"elementor-button-wrapper\">\n\t\t\t\t\t<a class=\"elementor-button elementor-button-link elementor-size-sm\" href=\"\">\n\t\t\t\t\t\t<span class=\"elementor-button-content-wrapper\">\n\t\t\t\t\t\t\t\t\t<span class=\"elementor-button-text\">Fermer<\/span>\n\t\t\t\t\t<\/span>\n\t\t\t\t\t<\/a>\n\t\t\t\t<\/div>\n\t\t\t\t\t\t\t\t<\/div>\n\t\t\t\t<\/div>\n\t\t\t\t<div class=\"elementor-element elementor-element-9af38c6 elementor-position-left elementor-vertical-align-top elementor-widget elementor-widget-image-box\" data-id=\"9af38c6\" data-element_type=\"widget\" data-widget_type=\"image-box.default\">\n\t\t\t\t<div class=\"elementor-widget-container\">\n\t\t\t\t\t<div class=\"elementor-image-box-wrapper\"><figure class=\"elementor-image-box-img\"><img loading=\"lazy\" decoding=\"async\" width=\"400\" height=\"475\" src=\"https:\/\/weiss.bazaks.digital\/wp-content\/uploads\/2024\/07\/illus-denis.jpg\" class=\"attachment-full size-full wp-image-1478\" alt=\"\" srcset=\"https:\/\/weiss.bazaks.digital\/wp-content\/uploads\/2024\/07\/illus-denis.jpg 400w, https:\/\/weiss.bazaks.digital\/wp-content\/uploads\/2024\/07\/illus-denis-253x300.jpg 253w\" sizes=\"(max-width: 400px) 100vw, 400px\" \/><\/figure><div class=\"elementor-image-box-content\"><h4 class=\"elementor-image-box-title\">Denis Lattion, Senior Manager<\/h4><p class=\"elementor-image-box-description\">Apr\u00e8s une solide formation bancaire, Denis a commenc\u00e9 sa carri\u00e8re aupr\u00e8s de la Soci\u00e9t\u00e9 de Banque Suisse \u00e0 Gen\u00e8ve. Depuis 1990, il travaille dans le domaine de la gestion de fortune pour une client\u00e8le priv\u00e9e suisse et internationale. Tout en occupant des postes \u00e0 responsabilit\u00e9 dans diff\u00e9rentes banques, il poursuit sa formation et obtient un dipl\u00f4me en gestion d'entreprise, un DESS puis un MBA.En 2018, il obtient un brevet f\u00e9d\u00e9ral de conseiller en gestion de fortune (LSFIN-CWMA).<\/p><\/div><\/div>\t\t\t\t<\/div>\n\t\t\t\t<\/div>\n\t\t\t\t<\/div>\n\t\t\t\t\t<\/div>\n\t\t\t\t<\/div>\n\t\t<div class=\"elementor-element elementor-element-2940754 animated-slow e-flex e-con-boxed elementor-invisible e-con e-parent\" data-id=\"2940754\" data-element_type=\"container\" data-settings=\"{&quot;background_background&quot;:&quot;classic&quot;,&quot;animation&quot;:&quot;fadeIn&quot;}\">\n\t\t\t\t\t<div class=\"e-con-inner\">\n\t\t\t\t<div class=\"elementor-element elementor-element-639aae8 elementor-widget elementor-widget-heading\" data-id=\"639aae8\" data-element_type=\"widget\" data-widget_type=\"heading.default\">\n\t\t\t\t<div class=\"elementor-widget-container\">\n\t\t\t\t\t<h2 class=\"elementor-heading-title elementor-size-default\">Comment \u00e7a marche?<\/h2>\t\t\t\t<\/div>\n\t\t\t\t<\/div>\n\t\t\t\t<div class=\"elementor-element elementor-element-5550732 elementor-widget elementor-widget-video\" data-id=\"5550732\" data-element_type=\"widget\" data-settings=\"{&quot;video_type&quot;:&quot;hosted&quot;,&quot;autoplay&quot;:&quot;yes&quot;,&quot;play_on_mobile&quot;:&quot;yes&quot;,&quot;loop&quot;:&quot;yes&quot;,&quot;controls&quot;:&quot;yes&quot;}\" data-widget_type=\"video.default\">\n\t\t\t\t<div class=\"elementor-widget-container\">\n\t\t\t\t\t\t\t<div class=\"e-hosted-video elementor-wrapper elementor-open-inline\">\n\t\t\t\t\t<video class=\"elementor-video\" src=\"https:\/\/weiss.bazaks.digital\/wp-content\/uploads\/2024\/08\/WH-diagram-1.mp4\" autoplay=\"\" loop=\"\" controls=\"\" playsinline=\"\" controlsList=\"nodownload\"><\/video>\n\t\t\t\t<\/div>\n\t\t\t\t\t\t<\/div>\n\t\t\t\t<\/div>\n\t\t\t\t\t<\/div>\n\t\t\t\t<\/div>\n\t\t<div class=\"elementor-element elementor-element-8a6b960 animated-slow e-flex e-con-boxed elementor-invisible e-con e-parent\" data-id=\"8a6b960\" data-element_type=\"container\" data-settings=\"{&quot;background_background&quot;:&quot;classic&quot;,&quot;animation&quot;:&quot;fadeIn&quot;}\">\n\t\t\t\t\t<div class=\"e-con-inner\">\n\t\t\t\t<div class=\"elementor-element elementor-element-f45084a elementor-widget elementor-widget-heading\" data-id=\"f45084a\" data-element_type=\"widget\" data-widget_type=\"heading.default\">\n\t\t\t\t<div class=\"elementor-widget-container\">\n\t\t\t\t\t<h2 class=\"elementor-heading-title elementor-size-default\">Principales Banques D\u00e9positaires<\/h2>\t\t\t\t<\/div>\n\t\t\t\t<\/div>\n\t\t\t\t<div class=\"elementor-element elementor-element-329e404 elementor-skin-carousel elementor-pagination-type-bullets elementor-pagination-position-outside elementor-widget elementor-widget-media-carousel\" data-id=\"329e404\" data-element_type=\"widget\" data-settings=\"{&quot;slides_per_view&quot;:&quot;4&quot;,&quot;slides_to_scroll&quot;:&quot;1&quot;,&quot;speed&quot;:800,&quot;autoplay_speed&quot;:3000,&quot;lazyload&quot;:&quot;yes&quot;,&quot;space_between&quot;:{&quot;unit&quot;:&quot;px&quot;,&quot;size&quot;:75,&quot;sizes&quot;:[]},&quot;skin&quot;:&quot;carousel&quot;,&quot;effect&quot;:&quot;slide&quot;,&quot;pagination&quot;:&quot;bullets&quot;,&quot;autoplay&quot;:&quot;yes&quot;,&quot;loop&quot;:&quot;yes&quot;,&quot;pause_on_hover&quot;:&quot;yes&quot;,&quot;pause_on_interaction&quot;:&quot;yes&quot;,&quot;space_between_tablet&quot;:{&quot;unit&quot;:&quot;px&quot;,&quot;size&quot;:10,&quot;sizes&quot;:[]},&quot;space_between_mobile&quot;:{&quot;unit&quot;:&quot;px&quot;,&quot;size&quot;:10,&quot;sizes&quot;:[]}}\" data-widget_type=\"media-carousel.default\">\n\t\t\t\t<div class=\"elementor-widget-container\">\n\t\t\t\t\t\t\t<div class=\"elementor-swiper\">\n\t\t\t<div class=\"elementor-main-swiper swiper-container\">\n\t\t\t\t<div class=\"swiper-wrapper\">\n\t\t\t\t\t\t\t\t\t\t\t<div class=\"swiper-slide\">\n\t\t\t\t\t\t\t<a href=\"https:\/\/www.pictet.com\/global\/en\" target=\"_blank\">\t\t<div class=\"elementor-carousel-image swiper-lazy\" role=\"img\" aria-label=\"Pictet 2021 - Logo Color - PNG RGB (002)\" data-background=\"https:\/\/weiss.bazaks.digital\/wp-content\/uploads\/2024\/07\/Pictet-2021-Logo-Color-PNG-RGB-002.png\">\n\n\t\t\t\t\t\t\t<div class=\"swiper-lazy-preloader\"><\/div>\n\t\t\t\n\t\t\t\t\t<\/div>\n\t\t<\/a>\t\t\t\t\t\t<\/div>\n\t\t\t\t\t\t\t\t\t\t\t<div class=\"swiper-slide\">\n\t\t\t\t\t\t\t<a href=\"https:\/\/www.jsafrasarasin.com\/en\/home.html\" target=\"_blank\">\t\t<div class=\"elementor-carousel-image swiper-lazy\" role=\"img\" aria-label=\"J.Safra Sarasin\" data-background=\"https:\/\/weiss.bazaks.digital\/wp-content\/uploads\/2024\/07\/logo-safra.png\">\n\n\t\t\t\t\t\t\t<div class=\"swiper-lazy-preloader\"><\/div>\n\t\t\t\n\t\t\t\t\t<\/div>\n\t\t<\/a>\t\t\t\t\t\t<\/div>\n\t\t\t\t\t\t\t\t\t\t\t<div class=\"swiper-slide\">\n\t\t\t\t\t\t\t<a href=\"https:\/\/www.ubs.com\/global\/en.html\" target=\"_blank\">\t\t<div class=\"elementor-carousel-image swiper-lazy\" role=\"img\" aria-label=\"UBS\" data-background=\"https:\/\/weiss.bazaks.digital\/wp-content\/uploads\/2024\/07\/logo-ubs.png\">\n\n\t\t\t\t\t\t\t<div class=\"swiper-lazy-preloader\"><\/div>\n\t\t\t\n\t\t\t\t\t<\/div>\n\t\t<\/a>\t\t\t\t\t\t<\/div>\n\t\t\t\t\t\t\t\t\t\t\t<div class=\"swiper-slide\">\n\t\t\t\t\t\t\t<a href=\"https:\/\/www.lombardodier.com\/home.html\" target=\"_blank\">\t\t<div class=\"elementor-carousel-image swiper-lazy\" role=\"img\" aria-label=\"LO_Bloc logo412c\" data-background=\"https:\/\/weiss.bazaks.digital\/wp-content\/uploads\/2024\/07\/LO_Bloc-logo412c.jpg\">\n\n\t\t\t\t\t\t\t<div class=\"swiper-lazy-preloader\"><\/div>\n\t\t\t\n\t\t\t\t\t<\/div>\n\t\t<\/a>\t\t\t\t\t\t<\/div>\n\t\t\t\t\t\t\t\t\t\t\t<div class=\"swiper-slide\">\n\t\t\t\t\t\t\t<a href=\"https:\/\/www.piguetgalland.ch\/en\/\" target=\"_blank\">\t\t<div class=\"elementor-carousel-image swiper-lazy\" role=\"img\" aria-label=\"Logo_PiguetGalland\" data-background=\"https:\/\/weiss.bazaks.digital\/wp-content\/uploads\/2024\/07\/Logo_PiguetGalland.png\">\n\n\t\t\t\t\t\t\t<div class=\"swiper-lazy-preloader\"><\/div>\n\t\t\t\n\t\t\t\t\t<\/div>\n\t\t<\/a>\t\t\t\t\t\t<\/div>\n\t\t\t\t\t\t\t\t\t\t\t<div class=\"swiper-slide\">\n\t\t\t\t\t\t\t<a href=\"https:\/\/www.swissquote.com\/en-ch\/private\" target=\"_blank\">\t\t<div class=\"elementor-carousel-image swiper-lazy\" role=\"img\" aria-label=\"logo-swissquote-claim-swiss-leader-en\" data-background=\"https:\/\/weiss.bazaks.digital\/wp-content\/uploads\/2024\/07\/logo-swissquote-claim-swiss-leader-en.png\">\n\n\t\t\t\t\t\t\t<div class=\"swiper-lazy-preloader\"><\/div>\n\t\t\t\n\t\t\t\t\t<\/div>\n\t\t<\/a>\t\t\t\t\t\t<\/div>\n\t\t\t\t\t\t\t\t\t<\/div>\n\t\t\t\t\t\t\t\t\t\t\t\t\t\t\t<div class=\"swiper-pagination\"><\/div>\n\t\t\t\t\t\t\t\t\t\t\t\t\t\t\t\t\t<\/div>\n\t\t<\/div>\n\t\t\t\t\t\t<\/div>\n\t\t\t\t<\/div>\n\t\t\t\t\t<\/div>\n\t\t\t\t<\/div>\n\t\t\t\t<\/div>\n\t\t","protected":false},"excerpt":{"rendered":"<p>Histoire de Weisshorn Asset Management\u00a0 Weisshorn Asset Management a \u00e9t\u00e9 fond\u00e9e en 2015 par une \u00e9quipe de gestionnaires d&rsquo;actifs exp\u00e9riment\u00e9s, chacun ayant plus d&rsquo;une d\u00e9cennie d&rsquo;exp\u00e9rience ind\u00e9pendante. Depuis sa cr\u00e9ation, la soci\u00e9t\u00e9 fournit des services de gestion de portefeuille sur mesure \u00e0 des clients priv\u00e9s fortun\u00e9s, en se concentrant sur la pr\u00e9servation et la croissance [&hellip;]<\/p>\n","protected":false},"author":1,"featured_media":0,"parent":0,"menu_order":0,"comment_status":"closed","ping_status":"closed","template":"","meta":{"_acf_changed":false,"footnotes":""},"acf":[],"yoast_head":"<!-- This site is optimized with the Yoast SEO plugin v23.7 - https:\/\/yoast.com\/wordpress\/plugins\/seo\/ -->\n<title>\u00c0 propos - weiss.bazaks.digital<\/title>\n<meta name=\"robots\" content=\"index, follow, max-snippet:-1, max-image-preview:large, max-video-preview:-1\" \/>\n<link rel=\"canonical\" href=\"https:\/\/weiss.bazaks.digital\/fr\/a-propos\/\" \/>\n<meta property=\"og:locale\" content=\"fr_FR\" \/>\n<meta property=\"og:type\" content=\"article\" \/>\n<meta property=\"og:title\" content=\"\u00c0 propos - weiss.bazaks.digital\" \/>\n<meta property=\"og:description\" content=\"Histoire de Weisshorn Asset Management\u00a0 Weisshorn Asset Management a \u00e9t\u00e9 fond\u00e9e en 2015 par une \u00e9quipe de gestionnaires d&rsquo;actifs exp\u00e9riment\u00e9s, chacun ayant plus d&rsquo;une d\u00e9cennie d&rsquo;exp\u00e9rience ind\u00e9pendante. Depuis sa cr\u00e9ation, la soci\u00e9t\u00e9 fournit des services de gestion de portefeuille sur mesure \u00e0 des clients priv\u00e9s fortun\u00e9s, en se concentrant sur la pr\u00e9servation et la croissance [&hellip;]\" \/>\n<meta property=\"og:url\" content=\"https:\/\/weiss.bazaks.digital\/fr\/a-propos\/\" \/>\n<meta property=\"og:site_name\" content=\"weiss.bazaks.digital\" \/>\n<meta property=\"article:modified_time\" content=\"2024-11-04T13:53:09+00:00\" \/>\n<meta property=\"og:image\" content=\"https:\/\/weiss.bazaks.digital\/wp-content\/uploads\/2024\/08\/Rade-GNV-1.jpg\" \/>\n\t<meta property=\"og:image:width\" content=\"4000\" \/>\n\t<meta property=\"og:image:height\" content=\"2250\" \/>\n\t<meta property=\"og:image:type\" content=\"image\/jpeg\" \/>\n<meta name=\"twitter:card\" content=\"summary_large_image\" \/>\n<meta name=\"twitter:label1\" content=\"Dur\u00e9e de lecture estim\u00e9e\" \/>\n\t<meta name=\"twitter:data1\" content=\"8 minutes\" \/>\n<script type=\"application\/ld+json\" class=\"yoast-schema-graph\">{\"@context\":\"https:\/\/schema.org\",\"@graph\":[{\"@type\":\"WebPage\",\"@id\":\"https:\/\/weiss.bazaks.digital\/fr\/a-propos\/\",\"url\":\"https:\/\/weiss.bazaks.digital\/fr\/a-propos\/\",\"name\":\"\u00c0 propos - weiss.bazaks.digital\",\"isPartOf\":{\"@id\":\"https:\/\/weiss.bazaks.digital\/fr\/#website\"},\"primaryImageOfPage\":{\"@id\":\"https:\/\/weiss.bazaks.digital\/fr\/a-propos\/#primaryimage\"},\"image\":{\"@id\":\"https:\/\/weiss.bazaks.digital\/fr\/a-propos\/#primaryimage\"},\"thumbnailUrl\":\"https:\/\/weiss.bazaks.digital\/wp-content\/uploads\/2024\/08\/Rade-GNV-1.jpg\",\"datePublished\":\"2024-07-10T17:01:27+00:00\",\"dateModified\":\"2024-11-04T13:53:09+00:00\",\"breadcrumb\":{\"@id\":\"https:\/\/weiss.bazaks.digital\/fr\/a-propos\/#breadcrumb\"},\"inLanguage\":\"fr-FR\",\"potentialAction\":[{\"@type\":\"ReadAction\",\"target\":[\"https:\/\/weiss.bazaks.digital\/fr\/a-propos\/\"]}]},{\"@type\":\"ImageObject\",\"inLanguage\":\"fr-FR\",\"@id\":\"https:\/\/weiss.bazaks.digital\/fr\/a-propos\/#primaryimage\",\"url\":\"https:\/\/weiss.bazaks.digital\/wp-content\/uploads\/2024\/08\/Rade-GNV-1.jpg\",\"contentUrl\":\"https:\/\/weiss.bazaks.digital\/wp-content\/uploads\/2024\/08\/Rade-GNV-1.jpg\"},{\"@type\":\"BreadcrumbList\",\"@id\":\"https:\/\/weiss.bazaks.digital\/fr\/a-propos\/#breadcrumb\",\"itemListElement\":[{\"@type\":\"ListItem\",\"position\":1,\"name\":\"Home\",\"item\":\"https:\/\/weiss.bazaks.digital\/fr\/\"},{\"@type\":\"ListItem\",\"position\":2,\"name\":\"\u00c0 propos\"}]},{\"@type\":\"WebSite\",\"@id\":\"https:\/\/weiss.bazaks.digital\/fr\/#website\",\"url\":\"https:\/\/weiss.bazaks.digital\/fr\/\",\"name\":\"weiss.bazaks.digital\",\"description\":\"\",\"publisher\":{\"@id\":\"https:\/\/weiss.bazaks.digital\/fr\/#organization\"},\"potentialAction\":[{\"@type\":\"SearchAction\",\"target\":{\"@type\":\"EntryPoint\",\"urlTemplate\":\"https:\/\/weiss.bazaks.digital\/fr\/?s={search_term_string}\"},\"query-input\":{\"@type\":\"PropertyValueSpecification\",\"valueRequired\":true,\"valueName\":\"search_term_string\"}}],\"inLanguage\":\"fr-FR\"},{\"@type\":\"Organization\",\"@id\":\"https:\/\/weiss.bazaks.digital\/fr\/#organization\",\"name\":\"weiss.bazaks.digital\",\"url\":\"https:\/\/weiss.bazaks.digital\/fr\/\",\"logo\":{\"@type\":\"ImageObject\",\"inLanguage\":\"fr-FR\",\"@id\":\"https:\/\/weiss.bazaks.digital\/fr\/#\/schema\/logo\/image\/\",\"url\":\"https:\/\/weiss.bazaks.digital\/wp-content\/uploads\/2024\/07\/logo-weisshorn.png\",\"contentUrl\":\"https:\/\/weiss.bazaks.digital\/wp-content\/uploads\/2024\/07\/logo-weisshorn.png\",\"width\":228,\"height\":55,\"caption\":\"weiss.bazaks.digital\"},\"image\":{\"@id\":\"https:\/\/weiss.bazaks.digital\/fr\/#\/schema\/logo\/image\/\"}}]}<\/script>\n<!-- \/ Yoast SEO plugin. -->","yoast_head_json":{"title":"\u00c0 propos - weiss.bazaks.digital","robots":{"index":"index","follow":"follow","max-snippet":"max-snippet:-1","max-image-preview":"max-image-preview:large","max-video-preview":"max-video-preview:-1"},"canonical":"https:\/\/weiss.bazaks.digital\/fr\/a-propos\/","og_locale":"fr_FR","og_type":"article","og_title":"\u00c0 propos - weiss.bazaks.digital","og_description":"Histoire de Weisshorn Asset Management\u00a0 Weisshorn Asset Management a \u00e9t\u00e9 fond\u00e9e en 2015 par une \u00e9quipe de gestionnaires d&rsquo;actifs exp\u00e9riment\u00e9s, chacun ayant plus d&rsquo;une d\u00e9cennie d&rsquo;exp\u00e9rience ind\u00e9pendante. Depuis sa cr\u00e9ation, la soci\u00e9t\u00e9 fournit des services de gestion de portefeuille sur mesure \u00e0 des clients priv\u00e9s fortun\u00e9s, en se concentrant sur la pr\u00e9servation et la croissance [&hellip;]","og_url":"https:\/\/weiss.bazaks.digital\/fr\/a-propos\/","og_site_name":"weiss.bazaks.digital","article_modified_time":"2024-11-04T13:53:09+00:00","og_image":[{"width":4000,"height":2250,"url":"https:\/\/weiss.bazaks.digital\/wp-content\/uploads\/2024\/08\/Rade-GNV-1.jpg","type":"image\/jpeg"}],"twitter_card":"summary_large_image","twitter_misc":{"Dur\u00e9e de lecture estim\u00e9e":"8 minutes"},"schema":{"@context":"https:\/\/schema.org","@graph":[{"@type":"WebPage","@id":"https:\/\/weiss.bazaks.digital\/fr\/a-propos\/","url":"https:\/\/weiss.bazaks.digital\/fr\/a-propos\/","name":"\u00c0 propos - weiss.bazaks.digital","isPartOf":{"@id":"https:\/\/weiss.bazaks.digital\/fr\/#website"},"primaryImageOfPage":{"@id":"https:\/\/weiss.bazaks.digital\/fr\/a-propos\/#primaryimage"},"image":{"@id":"https:\/\/weiss.bazaks.digital\/fr\/a-propos\/#primaryimage"},"thumbnailUrl":"https:\/\/weiss.bazaks.digital\/wp-content\/uploads\/2024\/08\/Rade-GNV-1.jpg","datePublished":"2024-07-10T17:01:27+00:00","dateModified":"2024-11-04T13:53:09+00:00","breadcrumb":{"@id":"https:\/\/weiss.bazaks.digital\/fr\/a-propos\/#breadcrumb"},"inLanguage":"fr-FR","potentialAction":[{"@type":"ReadAction","target":["https:\/\/weiss.bazaks.digital\/fr\/a-propos\/"]}]},{"@type":"ImageObject","inLanguage":"fr-FR","@id":"https:\/\/weiss.bazaks.digital\/fr\/a-propos\/#primaryimage","url":"https:\/\/weiss.bazaks.digital\/wp-content\/uploads\/2024\/08\/Rade-GNV-1.jpg","contentUrl":"https:\/\/weiss.bazaks.digital\/wp-content\/uploads\/2024\/08\/Rade-GNV-1.jpg"},{"@type":"BreadcrumbList","@id":"https:\/\/weiss.bazaks.digital\/fr\/a-propos\/#breadcrumb","itemListElement":[{"@type":"ListItem","position":1,"name":"Home","item":"https:\/\/weiss.bazaks.digital\/fr\/"},{"@type":"ListItem","position":2,"name":"\u00c0 propos"}]},{"@type":"WebSite","@id":"https:\/\/weiss.bazaks.digital\/fr\/#website","url":"https:\/\/weiss.bazaks.digital\/fr\/","name":"weiss.bazaks.digital","description":"","publisher":{"@id":"https:\/\/weiss.bazaks.digital\/fr\/#organization"},"potentialAction":[{"@type":"SearchAction","target":{"@type":"EntryPoint","urlTemplate":"https:\/\/weiss.bazaks.digital\/fr\/?s={search_term_string}"},"query-input":{"@type":"PropertyValueSpecification","valueRequired":true,"valueName":"search_term_string"}}],"inLanguage":"fr-FR"},{"@type":"Organization","@id":"https:\/\/weiss.bazaks.digital\/fr\/#organization","name":"weiss.bazaks.digital","url":"https:\/\/weiss.bazaks.digital\/fr\/","logo":{"@type":"ImageObject","inLanguage":"fr-FR","@id":"https:\/\/weiss.bazaks.digital\/fr\/#\/schema\/logo\/image\/","url":"https:\/\/weiss.bazaks.digital\/wp-content\/uploads\/2024\/07\/logo-weisshorn.png","contentUrl":"https:\/\/weiss.bazaks.digital\/wp-content\/uploads\/2024\/07\/logo-weisshorn.png","width":228,"height":55,"caption":"weiss.bazaks.digital"},"image":{"@id":"https:\/\/weiss.bazaks.digital\/fr\/#\/schema\/logo\/image\/"}}]}},"_links":{"self":[{"href":"https:\/\/weiss.bazaks.digital\/fr\/wp-json\/wp\/v2\/pages\/2181"}],"collection":[{"href":"https:\/\/weiss.bazaks.digital\/fr\/wp-json\/wp\/v2\/pages"}],"about":[{"href":"https:\/\/weiss.bazaks.digital\/fr\/wp-json\/wp\/v2\/types\/page"}],"author":[{"embeddable":true,"href":"https:\/\/weiss.bazaks.digital\/fr\/wp-json\/wp\/v2\/users\/1"}],"replies":[{"embeddable":true,"href":"https:\/\/weiss.bazaks.digital\/fr\/wp-json\/wp\/v2\/comments?post=2181"}],"version-history":[{"count":15,"href":"https:\/\/weiss.bazaks.digital\/fr\/wp-json\/wp\/v2\/pages\/2181\/revisions"}],"predecessor-version":[{"id":4136,"href":"https:\/\/weiss.bazaks.digital\/fr\/wp-json\/wp\/v2\/pages\/2181\/revisions\/4136"}],"wp:attachment":[{"href":"https:\/\/weiss.bazaks.digital\/fr\/wp-json\/wp\/v2\/media?parent=2181"}],"curies":[{"name":"wp","href":"https:\/\/api.w.org\/{rel}","templated":true}]}}